{"id":990103299,"date":"2023-02-03T09:16:33","date_gmt":"2023-02-03T08:16:33","guid":{"rendered":"https:\/\/www.hotelgabriel.at\/home\/"},"modified":"2025-11-04T12:29:37","modified_gmt":"2025-11-04T11:29:37","slug":"home","status":"publish","type":"page","link":"https:\/\/www.hotelgabriel.at\/en\/","title":{"rendered":"Home"},"content":{"rendered":"<p>{&#8220;main-title&#8221;:{&#8220;component&#8221;:&#8221;hc_title&#8221;,&#8221;id&#8221;:&#8221;main-title&#8221;,&#8221;title&#8221;:&#8221;&#8221;,&#8221;subtitle&#8221;:&#8221;&#8221;,&#8221;title_content&#8221;:{&#8220;component&#8221;:&#8221;hc_title_empty&#8221;,&#8221;id&#8221;:&#8221;title-empty&#8221;}},&#8221;section_5ZtkF&#8221;:{&#8220;component&#8221;:&#8221;hc_section&#8221;,&#8221;id&#8221;:&#8221;section_5ZtkF&#8221;,&#8221;section_width&#8221;:&#8221;&#8221;,&#8221;animation&#8221;:&#8221;&#8221;,&#8221;animation_time&#8221;:&#8221;&#8221;,&#8221;timeline_animation&#8221;:&#8221;&#8221;,&#8221;timeline_delay&#8221;:&#8221;&#8221;,&#8221;timeline_order&#8221;:&#8221;&#8221;,&#8221;vertical_row&#8221;:&#8221;&#8221;,&#8221;css_classes&#8221;:&#8221;light &#8220;,&#8221;custom_css_classes&#8221;:&#8221;section-full-width-right&#8221;,&#8221;custom_css_styles&#8221;:&#8221;&#8221;,&#8221;section_content&#8221;:[{&#8220;component&#8221;:&#8221;hc_column&#8221;,&#8221;id&#8221;:&#8221;column_FxIlP&#8221;,&#8221;column_width&#8221;:&#8221;col-md-6&#8243;,&#8221;animation&#8221;:&#8221;&#8221;,&#8221;animation_time&#8221;:&#8221;2000&#8243;,&#8221;timeline_animation&#8221;:&#8221;false&#8221;,&#8221;timeline_delay&#8221;:&#8221;&#8221;,&#8221;timeline_order&#8221;:&#8221;&#8221;,&#8221;css_classes&#8221;:&#8221;&#8221;,&#8221;custom_css_classes&#8221;:&#8221;&#8221;,&#8221;custom_css_styles&#8221;:&#8221;&#8221;,&#8221;main_content&#8221;:[{&#8220;component&#8221;:&#8221;hc_space&#8221;,&#8221;id&#8221;:&#8221;jMN5N&#8221;,&#8221;css_classes&#8221;:&#8221;&#8221;,&#8221;custom_css_classes&#8221;:&#8221;&#8221;,&#8221;custom_css_styles&#8221;:&#8221;&#8221;,&#8221;size&#8221;:&#8221;space-lg&#8221;,&#8221;height&#8221;:&#8221;100&#8243;},{&#8220;component&#8221;:&#8221;hc_title_tag&#8221;,&#8221;id&#8221;:&#8221;psYEi&#8221;,&#8221;css_classes&#8221;:&#8221;text-black text-lg &#8220;,&#8221;custom_css_classes&#8221;:&#8221;anima-text&#8221;,&#8221;custom_css_styles&#8221;:&#8221;&#8221;,&#8221;text&#8221;:&#8221;URLAUB&#8221;,&#8221;tag&#8221;:&#8221;h1&#8243;},{&#8220;component&#8221;:&#8221;hc_title_tag&#8221;,&#8221;id&#8221;:&#8221;c4D0g&#8221;,&#8221;css_classes&#8221;:&#8221;text-black text-lg &#8220;,&#8221;custom_css_classes&#8221;:&#8221;anima-text&#8221;,&#8221;custom_css_styles&#8221;:&#8221;&#8221;,&#8221;text&#8221;:&#8221;IN&#8221;,&#8221;tag&#8221;:&#8221;h1&#8243;},{&#8220;component&#8221;:&#8221;hc_title_tag&#8221;,&#8221;id&#8221;:&#8221;sZjkq&#8221;,&#8221;css_classes&#8221;:&#8221;text-black text-lg &#8220;,&#8221;custom_css_classes&#8221;:&#8221;anima-text&#8221;,&#8221;custom_css_styles&#8221;:&#8221;&#8221;,&#8221;text&#8221;:&#8221;K\u00c4RNTEN&#8221;,&#8221;tag&#8221;:&#8221;h1&#8243;},{&#8220;component&#8221;:&#8221;hc_space&#8221;,&#8221;id&#8221;:&#8221;TOkPz&#8221;,&#8221;css_classes&#8221;:&#8221;&#8221;,&#8221;custom_css_classes&#8221;:&#8221;&#8221;,&#8221;custom_css_styles&#8221;:&#8221;&#8221;,&#8221;size&#8221;:&#8221;space-sm&#8221;,&#8221;height&#8221;:&#8221;&#8221;},{&#8220;component&#8221;:&#8221;hc_button&#8221;,&#8221;id&#8221;:&#8221;RVbhw&#8221;,&#8221;css_classes&#8221;:&#8221;&#8221;,&#8221;custom_css_classes&#8221;:&#8221;cs4-btn-1&#8243;,&#8221;custom_css_styles&#8221;:&#8221;&#8221;,&#8221;icon&#8221;:&#8221;im-calendar&#8221;,&#8221;style&#8221;:&#8221;square&#8221;,&#8221;size&#8221;:&#8221;btn-xs&#8221;,&#8221;position&#8221;:&#8221;left&#8221;,&#8221;inner_animation&#8221;:false,&#8221;text&#8221;:&#8221;Verf\u00fcgbarkeit pr\u00fcfen &#8220;,&#8221;link_type&#8221;:&#8221;classic&#8221;,&#8221;lightbox_animation&#8221;:&#8221;&#8221;,&#8221;caption&#8221;:&#8221;&#8221;,&#8221;inner_caption&#8221;:false,&#8221;new_window&#8221;:false,&#8221;link&#8221;:&#8221;\/verfuegbarkeit-pruefen\/&#8221;,&#8221;link_content&#8221;:[],&#8221;lightbox_size&#8221;:&#8221;&#8221;,&#8221;scrollbox&#8221;:false},{&#8220;component&#8221;:&#8221;hc_space&#8221;,&#8221;id&#8221;:&#8221;xbE1N&#8221;,&#8221;css_classes&#8221;:&#8221;&#8221;,&#8221;custom_css_classes&#8221;:&#8221;&#8221;,&#8221;custom_css_styles&#8221;:&#8221;&#8221;,&#8221;size&#8221;:&#8221;space-sm&#8221;,&#8221;height&#8221;:&#8221;&#8221;},{&#8220;component&#8221;:&#8221;hc_slider&#8221;,&#8221;id&#8221;:&#8221;wig8i&#8221;,&#8221;css_classes&#8221;:&#8221;&#8221;,&#8221;custom_css_classes&#8221;:&#8221;width-50&#8243;,&#8221;custom_css_styles&#8221;:&#8221;&#8221;,&#8221;content&#8221;:[{&#8220;component&#8221;:&#8221;hc_quote&#8221;,&#8221;id&#8221;:&#8221;syMex&#8221;,&#8221;css_classes&#8221;:&#8221;&#8221;,&#8221;custom_css_classes&#8221;:&#8221;&#8221;,&#8221;custom_css_styles&#8221;:&#8221;&#8221;,&#8221;text&#8221;:&#8221;<strong>Direkt am See<\/strong><\/br>Am Fu\u00dfe des Pyramidenkogels&#8221;,&#8221;style&#8221;:&#8221;&#8221;,&#8221;author&#8221;:&#8221;Keutschacher See&#8221;},{&#8220;component&#8221;:&#8221;hc_quote&#8221;,&#8221;id&#8221;:&#8221;mkPjb&#8221;,&#8221;css_classes&#8221;:&#8221;&#8221;,&#8221;custom_css_classes&#8221;:&#8221;&#8221;,&#8221;custom_css_styles&#8221;:&#8221;&#8221;,&#8221;text&#8221;:&#8221;<strong>Direkt am See<\/strong><\/br>Am Fu\u00dfe des Pyramidenkogels&#8221;,&#8221;style&#8221;:&#8221;&#8221;,&#8221;author&#8221;:&#8221;Keutschacher See&#8221;}],&#8221;trigger&#8221;:&#8221;&#8221;,&#8221;data_options&#8221;:&#8221;&#8221;},{&#8220;component&#8221;:&#8221;hc_space&#8221;,&#8221;id&#8221;:&#8221;dohBn&#8221;,&#8221;css_classes&#8221;:&#8221;hidden-md &#8220;,&#8221;custom_css_classes&#8221;:&#8221;&#8221;,&#8221;custom_css_styles&#8221;:&#8221;&#8221;,&#8221;size&#8221;:&#8221;space-lg&#8221;,&#8221;height&#8221;:&#8221;&#8221;}]},{&#8220;component&#8221;:&#8221;hc_column&#8221;,&#8221;id&#8221;:&#8221;column_Udru8&#8243;,&#8221;column_width&#8221;:&#8221;col-md-6&#8243;,&#8221;animation&#8221;:&#8221;&#8221;,&#8221;animation_time&#8221;:&#8221;2000&#8243;,&#8221;timeline_animation&#8221;:&#8221;false&#8221;,&#8221;timeline_delay&#8221;:&#8221;&#8221;,&#8221;timeline_order&#8221;:&#8221;&#8221;,&#8221;css_classes&#8221;:&#8221;&#8221;,&#8221;custom_css_classes&#8221;:&#8221;&#8221;,&#8221;custom_css_styles&#8221;:&#8221;&#8221;,&#8221;main_content&#8221;:[{&#8220;component&#8221;:&#8221;hc_space&#8221;,&#8221;id&#8221;:&#8221;r27zU&#8221;,&#8221;css_classes&#8221;:&#8221;hidden-md &#8220;,&#8221;custom_css_classes&#8221;:&#8221;&#8221;,&#8221;custom_css_styles&#8221;:&#8221;&#8221;,&#8221;size&#8221;:&#8221;space-lg&#8221;,&#8221;height&#8221;:&#8221;140&#8243;},{&#8220;component&#8221;:&#8221;hc_counter&#8221;,&#8221;id&#8221;:&#8221;f5iHO&#8221;,&#8221;css_classes&#8221;:&#8221;&#8221;,&#8221;custom_css_classes&#8221;:&#8221;&#8221;,&#8221;custom_css_styles&#8221;:&#8221;&#8221;,&#8221;count_to&#8221;:&#8221;506&#8243;,&#8221;icon&#8221;:&#8221;&#8221;,&#8221;icon_style&#8221;:&#8221;&#8221;,&#8221;icon_image&#8221;:&#8221;&#8221;,&#8221;style&#8221;:&#8221;counter-vertical&#8221;,&#8221;from&#8221;:&#8221;&#8221;,&#8221;speed&#8221;:&#8221;5000&#8243;,&#8221;interval&#8221;:&#8221;&#8221;,&#8221;title&#8221;:&#8221;Seeh\u00f6he&#8221;,&#8221;subtitle&#8221;:&#8221;m&#8221;,&#8221;separator&#8221;:&#8221;&#8221;,&#8221;text_size&#8221;:&#8221;&#8221;,&#8221;text_size_2&#8243;:&#8221;text-md&#8221;,&#8221;icon_size&#8221;:&#8221;&#8221;},{&#8220;component&#8221;:&#8221;hc_space&#8221;,&#8221;id&#8221;:&#8221;WIFXm&#8221;,&#8221;css_classes&#8221;:&#8221;&#8221;,&#8221;custom_css_classes&#8221;:&#8221;&#8221;,&#8221;custom_css_styles&#8221;:&#8221;&#8221;,&#8221;size&#8221;:&#8221;space-sm&#8221;,&#8221;height&#8221;:&#8221;&#8221;},{&#8220;component&#8221;:&#8221;hc_counter&#8221;,&#8221;id&#8221;:&#8221;tIDEC&#8221;,&#8221;css_classes&#8221;:&#8221;&#8221;,&#8221;custom_css_classes&#8221;:&#8221;&#8221;,&#8221;custom_css_styles&#8221;:&#8221;&#8221;,&#8221;count_to&#8221;:&#8221;35&#8243;,&#8221;icon&#8221;:&#8221;&#8221;,&#8221;icon_style&#8221;:&#8221;&#8221;,&#8221;icon_image&#8221;:&#8221;&#8221;,&#8221;style&#8221;:&#8221;counter-vertical&#8221;,&#8221;from&#8221;:&#8221;&#8221;,&#8221;speed&#8221;:&#8221;5000&#8243;,&#8221;interval&#8221;:&#8221;&#8221;,&#8221;title&#8221;:&#8221;Zimmer&#8221;,&#8221;subtitle&#8221;:&#8221;&#8221;,&#8221;separator&#8221;:&#8221;&#8221;,&#8221;text_size&#8221;:&#8221;&#8221;,&#8221;text_size_2&#8243;:&#8221;text-md&#8221;,&#8221;icon_size&#8221;:&#8221;&#8221;},{&#8220;component&#8221;:&#8221;hc_space&#8221;,&#8221;id&#8221;:&#8221;Pp8Bi&#8221;,&#8221;css_classes&#8221;:&#8221;&#8221;,&#8221;custom_css_classes&#8221;:&#8221;&#8221;,&#8221;custom_css_styles&#8221;:&#8221;&#8221;,&#8221;size&#8221;:&#8221;space-sm&#8221;,&#8221;height&#8221;:&#8221;&#8221;},{&#8220;component&#8221;:&#8221;hc_counter&#8221;,&#8221;id&#8221;:&#8221;jB6aA&#8221;,&#8221;css_classes&#8221;:&#8221;&#8221;,&#8221;custom_css_classes&#8221;:&#8221;&#8221;,&#8221;custom_css_styles&#8221;:&#8221;&#8221;,&#8221;count_to&#8221;:&#8221;5&#8243;,&#8221;icon&#8221;:&#8221;&#8221;,&#8221;icon_style&#8221;:&#8221;&#8221;,&#8221;icon_image&#8221;:&#8221;&#8221;,&#8221;style&#8221;:&#8221;counter-vertical&#8221;,&#8221;from&#8221;:&#8221;&#8221;,&#8221;speed&#8221;:&#8221;5000&#8243;,&#8221;interval&#8221;:&#8221;&#8221;,&#8221;title&#8221;:&#8221;Ferienwohnungen&#8221;,&#8221;subtitle&#8221;:&#8221;&#8221;,&#8221;separator&#8221;:&#8221;&#8221;,&#8221;text_size&#8221;:&#8221;&#8221;,&#8221;text_size_2&#8243;:&#8221;text-md&#8221;,&#8221;icon_size&#8221;:&#8221;&#8221;},{&#8220;component&#8221;:&#8221;hc_space&#8221;,&#8221;id&#8221;:&#8221;FxpZA&#8221;,&#8221;css_classes&#8221;:&#8221;&#8221;,&#8221;custom_css_classes&#8221;:&#8221;&#8221;,&#8221;custom_css_styles&#8221;:&#8221;&#8221;,&#8221;size&#8221;:&#8221;space-sm&#8221;,&#8221;height&#8221;:&#8221;&#8221;},{&#8220;component&#8221;:&#8221;hc_counter&#8221;,&#8221;id&#8221;:&#8221;J9vRf&#8221;,&#8221;css_classes&#8221;:&#8221;&#8221;,&#8221;custom_css_classes&#8221;:&#8221;&#8221;,&#8221;custom_css_styles&#8221;:&#8221;&#8221;,&#8221;count_to&#8221;:&#8221;70&#8243;,&#8221;icon&#8221;:&#8221;&#8221;,&#8221;icon_style&#8221;:&#8221;&#8221;,&#8221;icon_image&#8221;:&#8221;&#8221;,&#8221;style&#8221;:&#8221;counter-vertical&#8221;,&#8221;from&#8221;:&#8221;&#8221;,&#8221;speed&#8221;:&#8221;5000&#8243;,&#8221;interval&#8221;:&#8221;&#8221;,&#8221;title&#8221;:&#8221;Betten&#8221;,&#8221;subtitle&#8221;:&#8221;&#8221;,&#8221;separator&#8221;:&#8221;&#8221;,&#8221;text_size&#8221;:&#8221;&#8221;,&#8221;text_size_2&#8243;:&#8221;text-md&#8221;,&#8221;icon_size&#8221;:&#8221;&#8221;},{&#8220;component&#8221;:&#8221;hc_space&#8221;,&#8221;id&#8221;:&#8221;rgn0i&#8221;,&#8221;css_classes&#8221;:&#8221;&#8221;,&#8221;custom_css_classes&#8221;:&#8221;&#8221;,&#8221;custom_css_styles&#8221;:&#8221;&#8221;,&#8221;size&#8221;:&#8221;space-lg&#8221;,&#8221;height&#8221;:&#8221;&#8221;},{&#8220;component&#8221;:&#8221;hc_slider&#8221;,&#8221;id&#8221;:&#8221;IBswx&#8221;,&#8221;css_classes&#8221;:&#8221;&#8221;,&#8221;custom_css_classes&#8221;:&#8221;&#8221;,&#8221;custom_css_styles&#8221;:&#8221;&#8221;,&#8221;content&#8221;:[{&#8220;component&#8221;:&#8221;hc_image_box&#8221;,&#8221;id&#8221;:&#8221;daTGP&#8221;,&#8221;css_classes&#8221;:&#8221;&#8221;,&#8221;custom_css_classes&#8221;:&#8221;&#8221;,&#8221;custom_css_styles&#8221;:&#8221;&#8221;,&#8221;image&#8221;:&#8221;https:\/\/www.hotelgabriel.at\/wp-content\/uploads\/2023\/01\/Familie_Gabriel_Startseite_grau.jpg|683|1024|990103182&#8243;,&#8221;link_type&#8221;:&#8221;classic&#8221;,&#8221;lightbox_animation&#8221;:&#8221;fade-top&#8221;,&#8221;caption&#8221;:&#8221;\/camping\/&#8221;,&#8221;inner_caption&#8221;:true,&#8221;new_window&#8221;:false,&#8221;link&#8221;:&#8221;\/gastgeber\/&#8221;,&#8221;link_content&#8221;:[],&#8221;lightbox_size&#8221;:&#8221;&#8221;,&#8221;scrollbox&#8221;:false,&#8221;icon&#8221;:&#8221;&#8221;,&#8221;image_animation&#8221;:&#8221;&#8221;,&#8221;icon_animation&#8221;:&#8221;&#8221;,&#8221;thumb_size&#8221;:&#8221;full&#8221;,&#8221;icon_hidden&#8221;:true,&#8221;caption_img_box&#8221;:&#8221;Gastgeber&#8221;,&#8221;alt&#8221;:&#8221;&#8221;},{&#8220;component&#8221;:&#8221;hc_image_box&#8221;,&#8221;id&#8221;:&#8221;3NFam&#8221;,&#8221;css_classes&#8221;:&#8221;&#8221;,&#8221;custom_css_classes&#8221;:&#8221;&#8221;,&#8221;custom_css_styles&#8221;:&#8221;&#8221;,&#8221;image&#8221;:&#8221;https:\/\/www.hotelgabriel.at\/wp-content\/uploads\/2025\/05\/Freie-Zimmer-1-1024&#215;625.png|677|1110|990104231&#8243;,&#8221;link_type&#8221;:&#8221;classic&#8221;,&#8221;lightbox_animation&#8221;:&#8221;fade-top&#8221;,&#8221;caption&#8221;:&#8221;&#8221;,&#8221;inner_caption&#8221;:false,&#8221;new_window&#8221;:false,&#8221;link&#8221;:&#8221;\/verfuegbarkeit-pruefen\/&#8221;,&#8221;link_content&#8221;:[],&#8221;lightbox_size&#8221;:&#8221;&#8221;,&#8221;scrollbox&#8221;:false,&#8221;icon&#8221;:&#8221;&#8221;,&#8221;image_animation&#8221;:&#8221;&#8221;,&#8221;icon_animation&#8221;:&#8221;&#8221;,&#8221;thumb_size&#8221;:&#8221;full&#8221;,&#8221;icon_hidden&#8221;:true,&#8221;caption_img_box&#8221;:&#8221;&#8221;,&#8221;alt&#8221;:&#8221;&#8221;},{&#8220;component&#8221;:&#8221;hc_image_box&#8221;,&#8221;id&#8221;:&#8221;N88Dv&#8221;,&#8221;css_classes&#8221;:&#8221;&#8221;,&#8221;custom_css_classes&#8221;:&#8221;&#8221;,&#8221;custom_css_styles&#8221;:&#8221;&#8221;,&#8221;image&#8221;:&#8221;https:\/\/www.hotelgabriel.at\/wp-content\/uploads\/2023\/01\/Zimmer_Startseite.jpg|683|1024|990102057&#8243;,&#8221;link_type&#8221;:&#8221;classic&#8221;,&#8221;lightbox_animation&#8221;:&#8221;fade-top&#8221;,&#8221;caption&#8221;:&#8221;&#8221;,&#8221;inner_caption&#8221;:false,&#8221;new_window&#8221;:false,&#8221;link&#8221;:&#8221;\/wohnen\/&#8221;,&#8221;link_content&#8221;:[],&#8221;lightbox_size&#8221;:&#8221;&#8221;,&#8221;scrollbox&#8221;:false,&#8221;icon&#8221;:&#8221;&#8221;,&#8221;image_animation&#8221;:&#8221;&#8221;,&#8221;icon_animation&#8221;:&#8221;&#8221;,&#8221;thumb_size&#8221;:&#8221;full&#8221;,&#8221;icon_hidden&#8221;:true,&#8221;caption_img_box&#8221;:&#8221;Unterkunft&#8221;,&#8221;alt&#8221;:&#8221;&#8221;},{&#8220;component&#8221;:&#8221;hc_image_box&#8221;,&#8221;id&#8221;:&#8221;qKnpP&#8221;,&#8221;css_classes&#8221;:&#8221;&#8221;,&#8221;custom_css_classes&#8221;:&#8221;&#8221;,&#8221;custom_css_styles&#8221;:&#8221;&#8221;,&#8221;image&#8221;:&#8221;https:\/\/www.hotelgabriel.at\/wp-content\/uploads\/2023\/01\/pyramidenkogel-web_f_Tine-Steinthaler_c_Kaernten-Werbung.jpg|683|1024|990102052&#8243;,&#8221;link_type&#8221;:&#8221;classic&#8221;,&#8221;lightbox_animation&#8221;:&#8221;fade-top&#8221;,&#8221;caption&#8221;:&#8221;&#8221;,&#8221;inner_caption&#8221;:false,&#8221;new_window&#8221;:false,&#8221;link&#8221;:&#8221;\/umgebung\/&#8221;,&#8221;link_content&#8221;:[],&#8221;lightbox_size&#8221;:&#8221;&#8221;,&#8221;scrollbox&#8221;:false,&#8221;icon&#8221;:&#8221;&#8221;,&#8221;image_animation&#8221;:&#8221;&#8221;,&#8221;icon_animation&#8221;:&#8221;&#8221;,&#8221;thumb_size&#8221;:&#8221;full&#8221;,&#8221;icon_hidden&#8221;:true,&#8221;caption_img_box&#8221;:&#8221;Umgebung&#8221;,&#8221;alt&#8221;:&#8221;&#8221;},{&#8220;component&#8221;:&#8221;hc_image_box&#8221;,&#8221;id&#8221;:&#8221;pK7JK&#8221;,&#8221;css_classes&#8221;:&#8221;&#8221;,&#8221;custom_css_classes&#8221;:&#8221;&#8221;,&#8221;custom_css_styles&#8221;:&#8221;&#8221;,&#8221;image&#8221;:&#8221;https:\/\/www.hotelgabriel.at\/wp-content\/uploads\/2023\/01\/Fahrrad.jpg|533|800|990102570&#8243;,&#8221;link_type&#8221;:&#8221;classic&#8221;,&#8221;lightbox_animation&#8221;:&#8221;fade-top&#8221;,&#8221;caption&#8221;:&#8221;&#8221;,&#8221;inner_caption&#8221;:false,&#8221;new_window&#8221;:false,&#8221;link&#8221;:&#8221;\/aktivitaeten\/&#8221;,&#8221;link_content&#8221;:[],&#8221;lightbox_size&#8221;:&#8221;&#8221;,&#8221;scrollbox&#8221;:false,&#8221;icon&#8221;:&#8221;&#8221;,&#8221;image_animation&#8221;:&#8221;&#8221;,&#8221;icon_animation&#8221;:&#8221;&#8221;,&#8221;thumb_size&#8221;:&#8221;full&#8221;,&#8221;icon_hidden&#8221;:true,&#8221;caption_img_box&#8221;:&#8221;Aktivit\u00e4ten&#8221;,&#8221;alt&#8221;:&#8221;&#8221;},{&#8220;component&#8221;:&#8221;hc_image_box&#8221;,&#8221;id&#8221;:&#8221;zrsjn&#8221;,&#8221;css_classes&#8221;:&#8221;&#8221;,&#8221;custom_css_classes&#8221;:&#8221;&#8221;,&#8221;custom_css_styles&#8221;:&#8221;&#8221;,&#8221;image&#8221;:&#8221;https:\/\/www.hotelgabriel.at\/wp-content\/uploads\/2023\/01\/Minimundus.jpg|572|858|990102553&#8243;,&#8221;link_type&#8221;:&#8221;classic&#8221;,&#8221;lightbox_animation&#8221;:&#8221;fade-top&#8221;,&#8221;caption&#8221;:&#8221;&#8221;,&#8221;inner_caption&#8221;:false,&#8221;new_window&#8221;:false,&#8221;link&#8221;:&#8221;\/ausflugsziele\/&#8221;,&#8221;link_content&#8221;:[],&#8221;lightbox_size&#8221;:&#8221;&#8221;,&#8221;scrollbox&#8221;:false,&#8221;icon&#8221;:&#8221;&#8221;,&#8221;image_animation&#8221;:&#8221;&#8221;,&#8221;icon_animation&#8221;:&#8221;&#8221;,&#8221;thumb_size&#8221;:&#8221;full&#8221;,&#8221;icon_hidden&#8221;:true,&#8221;caption_img_box&#8221;:&#8221;Ausflugsziele&#8221;,&#8221;alt&#8221;:&#8221;&#8221;},{&#8220;component&#8221;:&#8221;hc_image_box&#8221;,&#8221;id&#8221;:&#8221;n5kQU&#8221;,&#8221;css_classes&#8221;:&#8221;&#8221;,&#8221;custom_css_classes&#8221;:&#8221;&#8221;,&#8221;custom_css_styles&#8221;:&#8221;&#8221;,&#8221;image&#8221;:&#8221;https:\/\/www.hotelgabriel.at\/wp-content\/uploads\/2023\/01\/00000069052_Die-European-Bike-Week-am-Faaker-See_Region-Villach-Tourismus-GmbH_Michele-Blanzan_Startseite.jpg|683|1024|990102384&#8243;,&#8221;link_type&#8221;:&#8221;classic&#8221;,&#8221;lightbox_animation&#8221;:&#8221;fade-top&#8221;,&#8221;caption&#8221;:&#8221;&#8221;,&#8221;inner_caption&#8221;:false,&#8221;new_window&#8221;:false,&#8221;link&#8221;:&#8221;\/bike\/&#8221;,&#8221;link_content&#8221;:[],&#8221;lightbox_size&#8221;:&#8221;&#8221;,&#8221;scrollbox&#8221;:false,&#8221;icon&#8221;:&#8221;&#8221;,&#8221;image_animation&#8221;:&#8221;&#8221;,&#8221;icon_animation&#8221;:&#8221;&#8221;,&#8221;thumb_size&#8221;:&#8221;full&#8221;,&#8221;icon_hidden&#8221;:true,&#8221;caption_img_box&#8221;:&#8221;Bike&#8221;,&#8221;alt&#8221;:&#8221;&#8221;},{&#8220;component&#8221;:&#8221;hc_image_box&#8221;,&#8221;id&#8221;:&#8221;GImFw&#8221;,&#8221;css_classes&#8221;:&#8221;&#8221;,&#8221;custom_css_classes&#8221;:&#8221;&#8221;,&#8221;custom_css_styles&#8221;:&#8221;&#8221;,&#8221;image&#8221;:&#8221;https:\/\/www.hotelgabriel.at\/wp-content\/uploads\/2023\/01\/Gruppenreisen.jpg|683|1024|990102407&#8243;,&#8221;link_type&#8221;:&#8221;classic&#8221;,&#8221;lightbox_animation&#8221;:&#8221;fade-top&#8221;,&#8221;caption&#8221;:&#8221;&#8221;,&#8221;inner_caption&#8221;:false,&#8221;new_window&#8221;:false,&#8221;link&#8221;:&#8221;\/gruppen\/&#8221;,&#8221;link_content&#8221;:[],&#8221;lightbox_size&#8221;:&#8221;&#8221;,&#8221;scrollbox&#8221;:false,&#8221;icon&#8221;:&#8221;&#8221;,&#8221;image_animation&#8221;:&#8221;&#8221;,&#8221;icon_animation&#8221;:&#8221;&#8221;,&#8221;thumb_size&#8221;:&#8221;full&#8221;,&#8221;icon_hidden&#8221;:true,&#8221;caption_img_box&#8221;:&#8221;Gruppen&#8221;,&#8221;alt&#8221;:&#8221;&#8221;}],&#8221;trigger&#8221;:&#8221;&#8221;,&#8221;data_options&#8221;:&#8221;type:carousel,perView:3,perViewMd:2,perViewSm:1,gap:30,nav:true,controls:true&#8221;}]}],&#8221;section_settings&#8221;:{&#8220;component&#8221;:&#8221;hc_section_image&#8221;,&#8221;id&#8221;:&#8221;section-image&#8221;,&#8221;image&#8221;:&#8221;https:\/\/www.hotelgabriel.at\/wp-content\/uploads\/2023\/01\/hotel-gabriel-zimmer-114-nikolausneureiter2021-2048x153603587779E83-9CC4-8D0B-C4E6-52E8C1337C03-1024&#215;683.jpg|1280|1920|990102992&#8243;,&#8221;full_screen&#8221;:false,&#8221;full_screen_height&#8221;:&#8221;&#8221;,&#8221;parallax&#8221;:true,&#8221;bleed&#8221;:&#8221;&#8221;,&#8221;ken_burn&#8221;:&#8221;ken-burn-center&#8221;,&#8221;bg_pos&#8221;:&#8221;bg-bottom&#8221;}},&#8221;section_mGvyO&#8221;:{&#8220;component&#8221;:&#8221;hc_section&#8221;,&#8221;id&#8221;:&#8221;section_mGvyO&#8221;,&#8221;section_width&#8221;:&#8221;&#8221;,&#8221;animation&#8221;:&#8221;&#8221;,&#8221;animation_time&#8221;:&#8221;&#8221;,&#8221;timeline_animation&#8221;:&#8221;&#8221;,&#8221;timeline_delay&#8221;:&#8221;&#8221;,&#8221;timeline_order&#8221;:&#8221;&#8221;,&#8221;vertical_row&#8221;:&#8221;&#8221;,&#8221;css_classes&#8221;:&#8221;section-color &#8220;,&#8221;custom_css_classes&#8221;:&#8221;&#8221;,&#8221;custom_css_styles&#8221;:&#8221;&#8221;,&#8221;section_content&#8221;:[{&#8220;component&#8221;:&#8221;hc_column&#8221;,&#8221;id&#8221;:&#8221;column_IYEW0&#8243;,&#8221;column_width&#8221;:&#8221;col-md-12&#8243;,&#8221;animation&#8221;:&#8221;fade-bottom&#8221;,&#8221;animation_time&#8221;:&#8221;1000&#8243;,&#8221;timeline_animation&#8221;:&#8221;false&#8221;,&#8221;timeline_delay&#8221;:&#8221;&#8221;,&#8221;timeline_order&#8221;:&#8221;&#8221;,&#8221;css_classes&#8221;:&#8221;&#8221;,&#8221;custom_css_classes&#8221;:&#8221;&#8221;,&#8221;custom_css_styles&#8221;:&#8221;&#8221;,&#8221;main_content&#8221;:[{&#8220;component&#8221;:&#8221;hc_subtitle&#8221;,&#8221;id&#8221;:&#8221;v0npR&#8221;,&#8221;css_classes&#8221;:&#8221;align-left-md &#8220;,&#8221;custom_css_classes&#8221;:&#8221;&#8221;,&#8221;custom_css_styles&#8221;:&#8221;&#8221;,&#8221;title&#8221;:&#8221;Hotel Gabriel&#8221;,&#8221;subtitle&#8221;:&#8221;<strong>Keutschacher See | in K\u00e4rnten<\/strong>&#8220;,&#8221;alignment&#8221;:&#8221;align-center&#8221;}]},{&#8220;component&#8221;:&#8221;hc_column&#8221;,&#8221;id&#8221;:&#8221;column_CQGXD&#8221;,&#8221;column_width&#8221;:&#8221;col-md-6&#8243;,&#8221;animation&#8221;:&#8221;fade-bottom&#8221;,&#8221;animation_time&#8221;:&#8221;1000&#8243;,&#8221;timeline_animation&#8221;:&#8221;false&#8221;,&#8221;timeline_delay&#8221;:&#8221;&#8221;,&#8221;timeline_order&#8221;:&#8221;&#8221;,&#8221;css_classes&#8221;:&#8221;no-margin-md &#8220;,&#8221;custom_css_classes&#8221;:&#8221;&#8221;,&#8221;custom_css_styles&#8221;:&#8221;&#8221;,&#8221;main_content&#8221;:[{&#8220;component&#8221;:&#8221;hc_grid_table&#8221;,&#8221;id&#8221;:&#8221;Qozem&#8221;,&#8221;css_classes&#8221;:&#8221;&#8221;,&#8221;custom_css_classes&#8221;:&#8221;table-text&#8221;,&#8221;custom_css_styles&#8221;:&#8221;&#8221;,&#8221;content&#8221;:[{&#8220;component&#8221;:&#8221;hc_text_block&#8221;,&#8221;id&#8221;:&#8221;7GnTg&#8221;,&#8221;css_classes&#8221;:&#8221;&#8221;,&#8221;custom_css_classes&#8221;:&#8221;&#8221;,&#8221;custom_css_styles&#8221;:&#8221;&#8221;,&#8221;content&#8221;:&#8221;<strong>Ein herzliches \u201cGr\u00fcss Gott\u201d zum Familienurlaub im Hotel Gabriel am Keutschacher See<\/strong>\\n\\nSo stellen Sie sich Familienurlaub vor. Ein gem\u00fctliches kleines Hotel an einem der sch\u00f6nsten K\u00e4rntner Seen, famili\u00e4r gef\u00fchrt mit Sinn f\u00fcr <strong>Stil, Qualit\u00e4t <\/strong> und <strong>gelebte Gastfreundschaft<\/strong>. &#8220;},{&#8220;component&#8221;:&#8221;hc_text_block&#8221;,&#8221;id&#8221;:&#8221;UJbbo&#8221;,&#8221;css_classes&#8221;:&#8221;&#8221;,&#8221;custom_css_classes&#8221;:&#8221;&#8221;,&#8221;custom_css_styles&#8221;:&#8221;&#8221;,&#8221;content&#8221;:&#8221;Eine Region, die Sie verzaubert und Sie mit einer Naturlandschaft in ihren Bann zieht, die Sie bisher nur aus Erz\u00e4hlungen kannten. Gem\u00fctliche Zimmer &amp; Appartements, eine <strong>tolle Lage<\/strong> unweit des Seeufers, ein <strong>privater Badestrand<\/strong> und noch viel mehr zu entdecken und zu erleben. Treten Sie ein, wir freuen uns auf Sie!&#8221;}],&#8221;rows&#8221;:&#8221;1&#8243;,&#8221;cols&#8221;:&#8221;2&#8243;,&#8221;style&#8221;:&#8221;table-border&#8221;,&#8221;responsive&#8221;:&#8221;&#8221;,&#8221;full_mobile&#8221;:false},{&#8220;component&#8221;:&#8221;hc_space&#8221;,&#8221;id&#8221;:&#8221;7SdQG&#8221;,&#8221;css_classes&#8221;:&#8221;&#8221;,&#8221;custom_css_classes&#8221;:&#8221;&#8221;,&#8221;custom_css_styles&#8221;:&#8221;&#8221;,&#8221;size&#8221;:&#8221;space-sm&#8221;,&#8221;height&#8221;:&#8221;&#8221;},{&#8220;component&#8221;:&#8221;hc_column&#8221;,&#8221;id&#8221;:&#8221;column_XyQFI&#8221;,&#8221;column_width&#8221;:&#8221;col-md-12&#8243;,&#8221;animation&#8221;:&#8221;&#8221;,&#8221;animation_time&#8221;:&#8221;&#8221;,&#8221;timeline_animation&#8221;:&#8221;&#8221;,&#8221;timeline_delay&#8221;:&#8221;&#8221;,&#8221;timeline_order&#8221;:&#8221;&#8221;,&#8221;css_classes&#8221;:&#8221;&#8221;,&#8221;custom_css_classes&#8221;:&#8221;&#8221;,&#8221;custom_css_styles&#8221;:&#8221;&#8221;,&#8221;main_content&#8221;:[{&#8220;component&#8221;:&#8221;hc_button&#8221;,&#8221;id&#8221;:&#8221;gzJrv&#8221;,&#8221;css_classes&#8221;:&#8221;&#8221;,&#8221;custom_css_classes&#8221;:&#8221;cs4-btn-1&#8243;,&#8221;custom_css_styles&#8221;:&#8221;&#8221;,&#8221;icon&#8221;:&#8221;im-calendar&#8221;,&#8221;style&#8221;:&#8221;square&#8221;,&#8221;size&#8221;:&#8221;btn-xs&#8221;,&#8221;position&#8221;:&#8221;left&#8221;,&#8221;inner_animation&#8221;:false,&#8221;text&#8221;:&#8221;Verf\u00fcgbarkeit pr\u00fcfen&#8221;,&#8221;link_type&#8221;:&#8221;classic&#8221;,&#8221;lightbox_animation&#8221;:&#8221;&#8221;,&#8221;caption&#8221;:&#8221;&#8221;,&#8221;inner_caption&#8221;:false,&#8221;new_window&#8221;:false,&#8221;link&#8221;:&#8221;\/verfuegbarkeit-pruefen\/&#8221;,&#8221;link_content&#8221;:[],&#8221;lightbox_size&#8221;:&#8221;&#8221;,&#8221;scrollbox&#8221;:false}]}]},{&#8220;component&#8221;:&#8221;hc_column&#8221;,&#8221;id&#8221;:&#8221;column_ecVTR&#8221;,&#8221;column_width&#8221;:&#8221;col-md-6&#8243;,&#8221;animation&#8221;:&#8221;fade-bottom&#8221;,&#8221;animation_time&#8221;:&#8221;1000&#8243;,&#8221;timeline_animation&#8221;:&#8221;false&#8221;,&#8221;timeline_delay&#8221;:&#8221;&#8221;,&#8221;timeline_order&#8221;:&#8221;&#8221;,&#8221;css_classes&#8221;:&#8221;&#8221;,&#8221;custom_css_classes&#8221;:&#8221;&#8221;,&#8221;custom_css_styles&#8221;:&#8221;&#8221;,&#8221;main_content&#8221;:[{&#8220;component&#8221;:&#8221;hc_image_slider&#8221;,&#8221;id&#8221;:&#8221;NbQ1u&#8221;,&#8221;css_classes&#8221;:&#8221;&#8221;,&#8221;custom_css_classes&#8221;:&#8221;&#8221;,&#8221;custom_css_styles&#8221;:&#8221;&#8221;,&#8221;slides&#8221;:[{&#8220;component&#8221;:&#8221;hc_upload_img&#8221;,&#8221;id&#8221;:&#8221;wkaQ0&#8243;,&#8221;link&#8221;:&#8221;https:\/\/www.hotelgabriel.at\/wp-content\/uploads\/2023\/01\/Hotel_Gabriel-am-Keutschacher-See.jpg|768|1024|990102029&#8243;},{&#8220;component&#8221;:&#8221;hc_upload_img&#8221;,&#8221;id&#8221;:&#8221;NQfvw&#8221;,&#8221;link&#8221;:&#8221;https:\/\/www.hotelgabriel.at\/wp-content\/uploads\/2023\/01\/Hotel-Gabriel_1.jpg|750|1000|990102356&#8243;},{&#8220;component&#8221;:&#8221;hc_upload_img&#8221;,&#8221;id&#8221;:&#8221;JolGW&#8221;,&#8221;link&#8221;:&#8221;https:\/\/www.hotelgabriel.at\/wp-content\/uploads\/2023\/01\/Keutschacher_See_c_Bernhard_Pichler-Koban_1024x768.jpg|768|1024|990102434&#8243;},{&#8220;component&#8221;:&#8221;hc_upload_img&#8221;,&#8221;id&#8221;:&#8221;qGab7&#8243;,&#8221;link&#8221;:&#8221;https:\/\/www.hotelgabriel.at\/wp-content\/uploads\/2023\/02\/Hotel_Gabriel_Badehaus\u00a9NikolausNeureiter2021038.jpg|768|1024|990103465&#8243;},{&#8220;component&#8221;:&#8221;hc_upload_img&#8221;,&#8221;id&#8221;:&#8221;zpPIV&#8221;,&#8221;link&#8221;:&#8221;https:\/\/www.hotelgabriel.at\/wp-content\/uploads\/2023\/02\/Hotel_Gabriel_Badehaus\u00a9NikolausNeureiter2021003.jpg|768|1024|990103471&#8243;},{&#8220;component&#8221;:&#8221;hc_upload_img&#8221;,&#8221;id&#8221;:&#8221;kZbUq&#8221;,&#8221;link&#8221;:&#8221;https:\/\/www.hotelgabriel.at\/wp-content\/uploads\/2025\/09\/Sommer_2025_1-1-1024&#215;741.jpg|781|1080|990104270&#8243;}],&#8221;lightbox&#8221;:true,&#8221;lightbox_animation&#8221;:&#8221;fade-top&#8221;,&#8221;image_animation&#8221;:&#8221;&#8221;,&#8221;thumb_size&#8221;:&#8221;full&#8221;,&#8221;image_size&#8221;:&#8221;full&#8221;,&#8221;png&#8221;:false,&#8221;custom_classes&#8221;:&#8221;&#8221;,&#8221;trigger&#8221;:&#8221;&#8221;,&#8221;data_options&#8221;:&#8221;type:carousel,perView:1,perViewLg:1,perViewMd:1,perViewSm:1,perViewXs:1,arrows:true,nav:true,controls:true&#8221;},{&#8220;component&#8221;:&#8221;hc_accordion&#8221;,&#8221;id&#8221;:&#8221;5XKM7&#8243;,&#8221;css_classes&#8221;:&#8221;&#8221;,&#8221;custom_css_classes&#8221;:&#8221;&#8221;,&#8221;custom_css_styles&#8221;:&#8221;&#8221;,&#8221;name_1&#8243;:&#8221;Gastfreundschaft &#8211; Genuss &#8211; Erlebnis&#8221;,&#8221;content_1&#8243;:[{&#8220;component&#8221;:&#8221;hc_text_block&#8221;,&#8221;id&#8221;:&#8221;p9hQu&#8221;,&#8221;css_classes&#8221;:&#8221;&#8221;,&#8221;custom_css_classes&#8221;:&#8221;&#8221;,&#8221;custom_css_styles&#8221;:&#8221;&#8221;,&#8221;content&#8221;:&#8221;Unter diesem Motto steht ihr Urlaub im <strong>Hotel Gabriel am Keutschacher See<\/strong>. Wir freuen uns bereits darauf, Sie bald bei uns begr\u00fc\u00dfen zu d\u00fcrfen! Bis bald am Keutschacher See!&#8221;}],&#8221;name_2&#8243;:&#8221;&#8221;,&#8221;content_2&#8243;:[{&#8220;component&#8221;:&#8221;hc_text_block&#8221;,&#8221;id&#8221;:&#8221;AJKW0&#8243;,&#8221;css_classes&#8221;:&#8221;&#8221;,&#8221;custom_css_classes&#8221;:&#8221;&#8221;,&#8221;custom_css_styles&#8221;:&#8221;&#8221;,&#8221;content&#8221;:&#8221;&#8221;}],&#8221;name_3&#8243;:&#8221;&#8221;,&#8221;content_3&#8243;:[],&#8221;name_4&#8243;:&#8221;&#8221;,&#8221;content_4&#8243;:[],&#8221;name_5&#8243;:&#8221;&#8221;,&#8221;content_5&#8243;:[],&#8221;name_6&#8243;:&#8221;&#8221;,&#8221;content_6&#8243;:[],&#8221;name_7&#8243;:&#8221;&#8221;,&#8221;content_7&#8243;:[],&#8221;name_8&#8243;:&#8221;&#8221;,&#8221;content_8&#8243;:[],&#8221;name_9&#8243;:&#8221;&#8221;,&#8221;content_9&#8243;:[],&#8221;name_10&#8243;:&#8221;&#8221;,&#8221;content_10&#8243;:[],&#8221;open_type&#8221;:&#8221;&#8221;,&#8221;time&#8221;:&#8221;&#8221;,&#8221;open&#8221;:&#8221;1&#8243;}]}],&#8221;section_settings&#8221;:&#8221;&#8221;},&#8221;section_qrJgj&#8221;:{&#8220;component&#8221;:&#8221;hc_section&#8221;,&#8221;id&#8221;:&#8221;section_qrJgj&#8221;,&#8221;section_width&#8221;:&#8221;&#8221;,&#8221;animation&#8221;:&#8221;&#8221;,&#8221;animation_time&#8221;:&#8221;&#8221;,&#8221;timeline_animation&#8221;:&#8221;&#8221;,&#8221;timeline_delay&#8221;:&#8221;&#8221;,&#8221;timeline_order&#8221;:&#8221;&#8221;,&#8221;vertical_row&#8221;:&#8221;&#8221;,&#8221;css_classes&#8221;:&#8221;&#8221;,&#8221;custom_css_classes&#8221;:&#8221;&#8221;,&#8221;custom_css_styles&#8221;:&#8221;&#8221;,&#8221;section_content&#8221;:[{&#8220;component&#8221;:&#8221;hc_column&#8221;,&#8221;id&#8221;:&#8221;jNrT9&#8243;,&#8221;column_width&#8221;:&#8221;col-md-12&#8243;,&#8221;animation&#8221;:&#8221;fade-bottom&#8221;,&#8221;animation_time&#8221;:&#8221;1000&#8243;,&#8221;timeline_animation&#8221;:&#8221;false&#8221;,&#8221;timeline_delay&#8221;:&#8221;&#8221;,&#8221;timeline_order&#8221;:&#8221;&#8221;,&#8221;css_classes&#8221;:&#8221;&#8221;,&#8221;custom_css_classes&#8221;:&#8221;&#8221;,&#8221;custom_css_styles&#8221;:&#8221;&#8221;,&#8221;main_content&#8221;:[{&#8220;component&#8221;:&#8221;hc_subtitle&#8221;,&#8221;id&#8221;:&#8221;Q6POM&#8221;,&#8221;css_classes&#8221;:&#8221;align-left-md &#8220;,&#8221;custom_css_classes&#8221;:&#8221;&#8221;,&#8221;custom_css_styles&#8221;:&#8221;&#8221;,&#8221;title&#8221;:&#8221;Neueste Beitr\u00e4ge&#8221;,&#8221;subtitle&#8221;:&#8221;<strong>Urlaubsaktivit\u00e4ten rund um den Keuschacher See<\/strong>&#8220;,&#8221;alignment&#8221;:&#8221;align-center&#8221;}]},{&#8220;component&#8221;:&#8221;hc_column&#8221;,&#8221;id&#8221;:&#8221;VOlKo&#8221;,&#8221;column_width&#8221;:&#8221;col-md-6&#8243;,&#8221;animation&#8221;:&#8221;fade-bottom&#8221;,&#8221;animation_time&#8221;:&#8221;1000&#8243;,&#8221;timeline_animation&#8221;:&#8221;false&#8221;,&#8221;timeline_delay&#8221;:&#8221;&#8221;,&#8221;timeline_order&#8221;:&#8221;&#8221;,&#8221;css_classes&#8221;:&#8221;align-center justify-content-center no-margin-md &#8220;,&#8221;custom_css_classes&#8221;:&#8221;&#8221;,&#8221;custom_css_styles&#8221;:&#8221;&#8221;,&#8221;main_content&#8221;:[{&#8220;component&#8221;:&#8221;hc_text_block&#8221;,&#8221;id&#8221;:&#8221;vjV6K&#8221;,&#8221;css_classes&#8221;:&#8221;&#8221;,&#8221;custom_css_classes&#8221;:&#8221;&#8221;,&#8221;custom_css_styles&#8221;:&#8221;&#8221;,&#8221;content&#8221;:&#8221;<strong>Urlaub am Keutschacher See \u2013 Inspiration f\u00fcr Ihre Auszeit<\/strong>\\n\\nEntdecken Sie die sch\u00f6nsten Freizeitm\u00f6glichkeiten rund um den Keutschacher See! Ob Wandern, Radfahren, Baden oder kulturelle Ausfl\u00fcge \u2013 unsere Beitr\u00e4ge geben Ihnen wertvolle Tipps f\u00fcr unvergessliche Urlaubstage in dieser traumhaften Region.&#8221;},{&#8220;component&#8221;:&#8221;hc_space&#8221;,&#8221;id&#8221;:&#8221;lmgJc&#8221;,&#8221;css_classes&#8221;:&#8221;&#8221;,&#8221;custom_css_classes&#8221;:&#8221;&#8221;,&#8221;custom_css_styles&#8221;:&#8221;&#8221;,&#8221;size&#8221;:&#8221;space-sm&#8221;,&#8221;height&#8221;:&#8221;&#8221;},{&#8220;component&#8221;:&#8221;hc_column&#8221;,&#8221;id&#8221;:&#8221;kbphX&#8221;,&#8221;column_width&#8221;:&#8221;col-md-12&#8243;,&#8221;animation&#8221;:&#8221;&#8221;,&#8221;animation_time&#8221;:&#8221;&#8221;,&#8221;timeline_animation&#8221;:&#8221;&#8221;,&#8221;timeline_delay&#8221;:&#8221;&#8221;,&#8221;timeline_order&#8221;:&#8221;&#8221;,&#8221;css_classes&#8221;:&#8221;&#8221;,&#8221;custom_css_classes&#8221;:&#8221;&#8221;,&#8221;custom_css_styles&#8221;:&#8221;&#8221;,&#8221;main_content&#8221;:[{&#8220;component&#8221;:&#8221;hc_button&#8221;,&#8221;id&#8221;:&#8221;R6a1v&#8221;,&#8221;css_classes&#8221;:&#8221;&#8221;,&#8221;custom_css_classes&#8221;:&#8221;cs4-btn-1&#8243;,&#8221;custom_css_styles&#8221;:&#8221;&#8221;,&#8221;icon&#8221;:&#8221;im-file-horizontaltext&#8221;,&#8221;style&#8221;:&#8221;square&#8221;,&#8221;size&#8221;:&#8221;btn-xs&#8221;,&#8221;position&#8221;:&#8221;left&#8221;,&#8221;inner_animation&#8221;:false,&#8221;text&#8221;:&#8221;Zu den Beitr\u00e4gen&#8221;,&#8221;link_type&#8221;:&#8221;classic&#8221;,&#8221;lightbox_animation&#8221;:&#8221;&#8221;,&#8221;caption&#8221;:&#8221;&#8221;,&#8221;inner_caption&#8221;:false,&#8221;new_window&#8221;:false,&#8221;link&#8221;:&#8221;\/blog\/&#8221;,&#8221;link_content&#8221;:[],&#8221;lightbox_size&#8221;:&#8221;&#8221;,&#8221;scrollbox&#8221;:false}]}]},{&#8220;component&#8221;:&#8221;hc_column&#8221;,&#8221;id&#8221;:&#8221;vCrqR&#8221;,&#8221;column_width&#8221;:&#8221;col-md-6&#8243;,&#8221;animation&#8221;:&#8221;fade-bottom&#8221;,&#8221;animation_time&#8221;:&#8221;1000&#8243;,&#8221;timeline_animation&#8221;:&#8221;false&#8221;,&#8221;timeline_delay&#8221;:&#8221;&#8221;,&#8221;timeline_order&#8221;:&#8221;&#8221;,&#8221;css_classes&#8221;:&#8221;&#8221;,&#8221;custom_css_classes&#8221;:&#8221;&#8221;,&#8221;custom_css_styles&#8221;:&#8221;&#8221;,&#8221;main_content&#8221;:[{&#8220;component&#8221;:&#8221;hc_image_slider&#8221;,&#8221;id&#8221;:&#8221;9h9td&#8221;,&#8221;css_classes&#8221;:&#8221;&#8221;,&#8221;custom_css_classes&#8221;:&#8221;&#8221;,&#8221;custom_css_styles&#8221;:&#8221;&#8221;,&#8221;slides&#8221;:[{&#8220;component&#8221;:&#8221;hc_upload_img&#8221;,&#8221;id&#8221;:&#8221;HaFVq&#8221;,&#8221;link&#8221;:&#8221;https:\/\/www.hotelgabriel.at\/wp-content\/uploads\/2025\/11\/aussichtsturm-pyramidenkogel_c-gert-steinthaler1-1024&#215;683.jpg|1280|1920|990104586&#8243;},{&#8220;component&#8221;:&#8221;hc_upload_img&#8221;,&#8221;id&#8221;:&#8221;3LaHI&#8221;,&#8221;link&#8221;:&#8221;https:\/\/www.hotelgabriel.at\/wp-content\/uploads\/2025\/11\/rennrad-touren-am-worthersee-uberdurchschnittlich-traumhaft_c-martin-hofmann-worthersee-tourismus-gmbh-2019-1024&#215;683.jpg|1281|1920|990104598&#8243;},{&#8220;component&#8221;:&#8221;hc_upload_img&#8221;,&#8221;id&#8221;:&#8221;PFRgT&#8221;,&#8221;link&#8221;:&#8221;https:\/\/www.hotelgabriel.at\/wp-content\/uploads\/2025\/11\/slow-trail-roemerschlucht-in-velden_c-gert-perauer1-1024&#215;683.jpg|1281|1920|990104600&#8243;},{&#8220;component&#8221;:&#8221;hc_upload_img&#8221;,&#8221;id&#8221;:&#8221;ecojq&#8221;,&#8221;link&#8221;:&#8221;https:\/\/www.hotelgabriel.at\/wp-content\/uploads\/2025\/11\/Nockalmstrasse-1024&#215;680.jpg|1275|1920|990104602&#8243;},{&#8220;component&#8221;:&#8221;hc_upload_img&#8221;,&#8221;id&#8221;:&#8221;NDoJQ&#8221;,&#8221;link&#8221;:&#8221;https:\/\/www.hotelgabriel.at\/wp-content\/uploads\/2025\/11\/2022-07-motourguide-kaernten-1kaernten-2018-1526C00BAA15-CB7F-2D59-B3DD-3A5FD2D6C38E-1024&#215;683.jpg|1100|1650|990104604&#8243;}],&#8221;lightbox&#8221;:false,&#8221;lightbox_animation&#8221;:&#8221;&#8221;,&#8221;image_animation&#8221;:&#8221;&#8221;,&#8221;thumb_size&#8221;:&#8221;full&#8221;,&#8221;image_size&#8221;:&#8221;full&#8221;,&#8221;png&#8221;:false,&#8221;custom_classes&#8221;:&#8221;&#8221;,&#8221;trigger&#8221;:&#8221;&#8221;,&#8221;data_options&#8221;:&#8221;type:carousel,perView:1,perViewMd:1,perViewXs:1,arrows:true,nav:true,controls:true&#8221;}]}],&#8221;section_settings&#8221;:&#8221;&#8221;},&#8221;section_FLOFA&#8221;:{&#8220;component&#8221;:&#8221;hc_section&#8221;,&#8221;id&#8221;:&#8221;section_FLOFA&#8221;,&#8221;section_width&#8221;:&#8221;&#8221;,&#8221;animation&#8221;:&#8221;&#8221;,&#8221;animation_time&#8221;:&#8221;&#8221;,&#8221;timeline_animation&#8221;:&#8221;&#8221;,&#8221;timeline_delay&#8221;:&#8221;&#8221;,&#8221;timeline_order&#8221;:&#8221;&#8221;,&#8221;vertical_row&#8221;:&#8221;&#8221;,&#8221;css_classes&#8221;:&#8221;section-color &#8220;,&#8221;custom_css_classes&#8221;:&#8221;&#8221;,&#8221;custom_css_styles&#8221;:&#8221;&#8221;,&#8221;section_content&#8221;:[{&#8220;component&#8221;:&#8221;hc_column&#8221;,&#8221;id&#8221;:&#8221;column_o5gep&#8221;,&#8221;column_width&#8221;:&#8221;col-md-4&#8243;,&#8221;animation&#8221;:&#8221;&#8221;,&#8221;animation_time&#8221;:&#8221;&#8221;,&#8221;timeline_animation&#8221;:&#8221;&#8221;,&#8221;timeline_delay&#8221;:&#8221;&#8221;,&#8221;timeline_order&#8221;:&#8221;&#8221;,&#8221;css_classes&#8221;:&#8221;&#8221;,&#8221;custom_css_classes&#8221;:&#8221;&#8221;,&#8221;custom_css_styles&#8221;:&#8221;&#8221;,&#8221;main_content&#8221;:[{&#8220;component&#8221;:&#8221;hc_subtitle&#8221;,&#8221;id&#8221;:&#8221;Owh8k&#8221;,&#8221;css_classes&#8221;:&#8221;&#8221;,&#8221;custom_css_classes&#8221;:&#8221;&#8221;,&#8221;custom_css_styles&#8221;:&#8221;&#8221;,&#8221;title&#8221;:&#8221;Urlaub am Keutschacher See&#8221;,&#8221;subtitle&#8221;:&#8221;die Badewanne K\u00e4rntens &#8211; bis zu 28\u00b0C &#8220;,&#8221;alignment&#8221;:&#8221;&#8221;},{&#8220;component&#8221;:&#8221;hc_text_block&#8221;,&#8221;id&#8221;:&#8221;nfTA8&#8243;,&#8221;css_classes&#8221;:&#8221;&#8221;,&#8221;custom_css_classes&#8221;:&#8221;&#8221;,&#8221;custom_css_styles&#8221;:&#8221;&#8221;,&#8221;content&#8221;:&#8221;G\u00e4ste sind Freunde im <strong>Hotel Gabriel<\/strong> und Freundschaften pflegt man&#8221;},{&#8220;component&#8221;:&#8221;hc_image&#8221;,&#8221;id&#8221;:&#8221;N4aHN&#8221;,&#8221;css_classes&#8221;:&#8221;&#8221;,&#8221;custom_css_classes&#8221;:&#8221;&#8221;,&#8221;custom_css_styles&#8221;:&#8221;&#8221;,&#8221;image&#8221;:&#8221;https:\/\/www.hotelgabriel.at\/wp-content\/uploads\/2023\/01\/woerthersee-pluscard_web.png|290|400|990102001&#8243;,&#8221;alt&#8221;:&#8221;&#8221;,&#8221;thumb_size&#8221;:&#8221;large&#8221;}]},{&#8220;component&#8221;:&#8221;hc_column&#8221;,&#8221;id&#8221;:&#8221;column_YHAgj&#8221;,&#8221;column_width&#8221;:&#8221;col-md-8&#8243;,&#8221;animation&#8221;:&#8221;&#8221;,&#8221;animation_time&#8221;:&#8221;&#8221;,&#8221;timeline_animation&#8221;:&#8221;&#8221;,&#8221;timeline_delay&#8221;:&#8221;&#8221;,&#8221;timeline_order&#8221;:&#8221;&#8221;,&#8221;css_classes&#8221;:&#8221;&#8221;,&#8221;custom_css_classes&#8221;:&#8221;&#8221;,&#8221;custom_css_styles&#8221;:&#8221;&#8221;,&#8221;main_content&#8221;:[{&#8220;component&#8221;:&#8221;hc_code_block&#8221;,&#8221;id&#8221;:&#8221;sKaO1&#8243;,&#8221;css_classes&#8221;:&#8221;&#8221;,&#8221;custom_css_classes&#8221;:&#8221;&#8221;,&#8221;custom_css_styles&#8221;:&#8221;&#8221;,&#8221;content&#8221;:&#8221;003c0069006600720061006d0065002000770069006400740068003d002200380030003000220020006800650069006700680074003d002200360030003000220020007300720063003d002200680074007400700073003a002f002f007700770077002e0079006f00750074007500620065002e0063006f006d002f0065006d006200650064002f004e0047004100790051005700450033005300750055003f0063006f006e00740072006f006c0073003d003000220020007400690074006c0065003d00220059006f0075005400750062006500200076006900640065006f00200070006c006100790065007200220020006600720061006d00650062006f0072006400650072003d00220030002200200061006c006c006f0077003d00220061006300630065006c00650072006f006d0065007400650072003b0020006100750074006f0070006c00610079003b00200063006c006900700062006f006100720064002d00770072006900740065003b00200065006e0063007200790070007400650064002d006d0065006400690061003b0020006700790072006f00730063006f00700065003b00200070006900630074007500720065002d0069006e002d0070006900630074007500720065003b0020007700650062002d00730068006100720065002200200061006c006c006f007700660075006c006c00730063007200650065006e003e003c002f0069006600720061006d0065003e&#8221;,&#8221;language&#8221;:&#8221;&#8221;}]}],&#8221;section_settings&#8221;:&#8221;&#8221;},&#8221;section_k1CWC&#8221;:{&#8220;component&#8221;:&#8221;hc_section&#8221;,&#8221;id&#8221;:&#8221;section_k1CWC&#8221;,&#8221;section_width&#8221;:&#8221;&#8221;,&#8221;animation&#8221;:&#8221;&#8221;,&#8221;animation_time&#8221;:&#8221;&#8221;,&#8221;timeline_animation&#8221;:&#8221;false&#8221;,&#8221;timeline_delay&#8221;:&#8221;&#8221;,&#8221;timeline_order&#8221;:&#8221;&#8221;,&#8221;vertical_row&#8221;:&#8221;&#8221;,&#8221;css_classes&#8221;:&#8221;light &#8220;,&#8221;custom_css_classes&#8221;:&#8221;alpins-slider section-full-width-left&#8221;,&#8221;custom_css_styles&#8221;:&#8221;&#8221;,&#8221;section_content&#8221;:[{&#8220;component&#8221;:&#8221;hc_column&#8221;,&#8221;id&#8221;:&#8221;column_dqcoV&#8221;,&#8221;column_width&#8221;:&#8221;col-md-6&#8243;,&#8221;animation&#8221;:&#8221;fade-bottom&#8221;,&#8221;animation_time&#8221;:&#8221;1000&#8243;,&#8221;timeline_animation&#8221;:&#8221;false&#8221;,&#8221;timeline_delay&#8221;:&#8221;&#8221;,&#8221;timeline_order&#8221;:&#8221;&#8221;,&#8221;css_classes&#8221;:&#8221;&#8221;,&#8221;custom_css_classes&#8221;:&#8221;&#8221;,&#8221;custom_css_styles&#8221;:&#8221;&#8221;,&#8221;main_content&#8221;:[{&#8220;component&#8221;:&#8221;hc_slider&#8221;,&#8221;id&#8221;:&#8221;Wmkdq&#8221;,&#8221;css_classes&#8221;:&#8221;&#8221;,&#8221;custom_css_classes&#8221;:&#8221;&#8221;,&#8221;custom_css_styles&#8221;:&#8221;&#8221;,&#8221;content&#8221;:[{&#8220;component&#8221;:&#8221;hc_media_box&#8221;,&#8221;id&#8221;:&#8221;c0Rg9&#8243;,&#8221;css_classes&#8221;:&#8221;&#8221;,&#8221;custom_css_classes&#8221;:&#8221;&#8221;,&#8221;custom_css_styles&#8221;:&#8221;&#8221;,&#8221;image&#8221;:&#8221;https:\/\/www.hotelgabriel.at\/wp-content\/uploads\/2023\/01\/pyramidenkogel-web_f_Tine-Steinthaler_c_Kaernten-Werbung_Hochformat.jpg|675|420|990102060&#8243;,&#8221;title&#8221;:&#8221;HIGHLIGHTS&#8221;,&#8221;box_style&#8221;:&#8221;reveal&#8221;,&#8221;image_animation&#8221;:&#8221;scale&#8221;,&#8221;content_animation&#8221;:&#8221;&#8221;,&#8221;thumb_size&#8221;:&#8221;full&#8221;,&#8221;subtitle&#8221;:&#8221;Der beste Rundumblick K\u00e4rntens&#8221;,&#8221;extra_content&#8221;:&#8221;Mehr erfahren&#8221;,&#8221;text&#8221;:&#8221;Den hat man von der Aussichtsplattform des Pyramidenkogels.&#8221;,&#8221;alignment&#8221;:&#8221;align-left&#8221;,&#8221;alt&#8221;:&#8221;&#8221;,&#8221;link_type&#8221;:&#8221;classic&#8221;,&#8221;lightbox_animation&#8221;:&#8221;&#8221;,&#8221;caption&#8221;:&#8221;&#8221;,&#8221;inner_caption&#8221;:false,&#8221;new_window&#8221;:false,&#8221;link&#8221;:&#8221;\/umgebung\/#pyramidenkogel&#8221;,&#8221;link_content&#8221;:[],&#8221;lightbox_size&#8221;:&#8221;&#8221;,&#8221;scrollbox&#8221;:false},{&#8220;component&#8221;:&#8221;hc_media_box&#8221;,&#8221;id&#8221;:&#8221;uPbnH&#8221;,&#8221;css_classes&#8221;:&#8221;&#8221;,&#8221;custom_css_classes&#8221;:&#8221;&#8221;,&#8221;custom_css_styles&#8221;:&#8221;&#8221;,&#8221;image&#8221;:&#8221;https:\/\/www.hotelgabriel.at\/wp-content\/uploads\/2023\/01\/Keutschacher_See_c_Bernhard_Pichler-Koban_3.jpg|675|420|990102477&#8243;,&#8221;title&#8221;:&#8221;4-SEENTAL&#8221;,&#8221;box_style&#8221;:&#8221;reveal&#8221;,&#8221;image_animation&#8221;:&#8221;scale&#8221;,&#8221;content_animation&#8221;:&#8221;&#8221;,&#8221;thumb_size&#8221;:&#8221;full&#8221;,&#8221;subtitle&#8221;:&#8221;erleben&#8221;,&#8221;extra_content&#8221;:&#8221;Mehr erfahren&#8221;,&#8221;text&#8221;:&#8221;So abwechslungsreich ist Ihr Sommerurlaub in der 4-Seental Region Keutschach&#8221;,&#8221;alignment&#8221;:&#8221;align-left&#8221;,&#8221;alt&#8221;:&#8221;&#8221;,&#8221;link_type&#8221;:&#8221;classic&#8221;,&#8221;lightbox_animation&#8221;:&#8221;&#8221;,&#8221;caption&#8221;:&#8221;&#8221;,&#8221;inner_caption&#8221;:false,&#8221;new_window&#8221;:false,&#8221;link&#8221;:&#8221;\/umgebung\/#4-seen-tal&#8221;,&#8221;link_content&#8221;:[],&#8221;lightbox_size&#8221;:&#8221;&#8221;,&#8221;scrollbox&#8221;:false}],&#8221;trigger&#8221;:&#8221;&#8221;,&#8221;data_options&#8221;:&#8221;perView:2,perViewLg:2,perViewSm:1,gap:30,arrows:true,nav:true,controls:true&#8221;}]},{&#8220;component&#8221;:&#8221;hc_column&#8221;,&#8221;id&#8221;:&#8221;column_KxBfI&#8221;,&#8221;column_width&#8221;:&#8221;col-md-6&#8243;,&#8221;animation&#8221;:&#8221;fade-bottom&#8221;,&#8221;animation_time&#8221;:&#8221;1000&#8243;,&#8221;timeline_animation&#8221;:&#8221;false&#8221;,&#8221;timeline_delay&#8221;:&#8221;&#8221;,&#8221;timeline_order&#8221;:&#8221;&#8221;,&#8221;css_classes&#8221;:&#8221;&#8221;,&#8221;custom_css_classes&#8221;:&#8221;&#8221;,&#8221;custom_css_styles&#8221;:&#8221;&#8221;,&#8221;main_content&#8221;:[{&#8220;component&#8221;:&#8221;hc_title_tag&#8221;,&#8221;id&#8221;:&#8221;f7VuL&#8221;,&#8221;css_classes&#8221;:&#8221;text-black text-lg &#8220;,&#8221;custom_css_classes&#8221;:&#8221;&#8221;,&#8221;custom_css_styles&#8221;:&#8221;&#8221;,&#8221;text&#8221;:&#8221;DAS 4-SEENTAL Keutschach&#8221;,&#8221;tag&#8221;:&#8221;h2&#8243;},{&#8220;component&#8221;:&#8221;hc_space&#8221;,&#8221;id&#8221;:&#8221;F2VPg&#8221;,&#8221;css_classes&#8221;:&#8221;&#8221;,&#8221;custom_css_classes&#8221;:&#8221;&#8221;,&#8221;custom_css_styles&#8221;:&#8221;&#8221;,&#8221;size&#8221;:&#8221;space-sm&#8221;,&#8221;height&#8221;:&#8221;&#8221;},{&#8220;component&#8221;:&#8221;hc_text_block&#8221;,&#8221;id&#8221;:&#8221;8We7x&#8221;,&#8221;css_classes&#8221;:&#8221;&#8221;,&#8221;custom_css_classes&#8221;:&#8221;&#8221;,&#8221;custom_css_styles&#8221;:&#8221;&#8221;,&#8221;content&#8221;:&#8221;Vier Seen, eine malerische Landschaft und ganz viel zu entdecken. Das ist das <strong>4-Seental<\/strong> rund um Keutschach und das Hotel Gabriel.&#8221;},{&#8220;component&#8221;:&#8221;hc_space&#8221;,&#8221;id&#8221;:&#8221;qZKRb&#8221;,&#8221;css_classes&#8221;:&#8221;&#8221;,&#8221;custom_css_classes&#8221;:&#8221;&#8221;,&#8221;custom_css_styles&#8221;:&#8221;&#8221;,&#8221;size&#8221;:&#8221;space&#8221;,&#8221;height&#8221;:&#8221;120&#8243;},{&#8220;component&#8221;:&#8221;hc_column&#8221;,&#8221;id&#8221;:&#8221;column_VDYfw&#8221;,&#8221;column_width&#8221;:&#8221;col-md-4&#8243;,&#8221;animation&#8221;:&#8221;&#8221;,&#8221;animation_time&#8221;:&#8221;&#8221;,&#8221;timeline_animation&#8221;:&#8221;&#8221;,&#8221;timeline_delay&#8221;:&#8221;&#8221;,&#8221;timeline_order&#8221;:&#8221;&#8221;,&#8221;css_classes&#8221;:&#8221;&#8221;,&#8221;custom_css_classes&#8221;:&#8221;&#8221;,&#8221;custom_css_styles&#8221;:&#8221;&#8221;,&#8221;main_content&#8221;:[{&#8220;component&#8221;:&#8221;hc_button&#8221;,&#8221;id&#8221;:&#8221;Qn4Hm&#8221;,&#8221;css_classes&#8221;:&#8221;&#8221;,&#8221;custom_css_classes&#8221;:&#8221;&#8221;,&#8221;custom_css_styles&#8221;:&#8221;&#8221;,&#8221;icon&#8221;:&#8221;im-sun&#8221;,&#8221;style&#8221;:&#8221;square&#8221;,&#8221;size&#8221;:&#8221;btn-xs&#8221;,&#8221;position&#8221;:&#8221;full&#8221;,&#8221;inner_animation&#8221;:false,&#8221;text&#8221;:&#8221;Umgebung&#8221;,&#8221;link_type&#8221;:&#8221;classic&#8221;,&#8221;lightbox_animation&#8221;:&#8221;&#8221;,&#8221;caption&#8221;:&#8221;&#8221;,&#8221;inner_caption&#8221;:false,&#8221;new_window&#8221;:false,&#8221;link&#8221;:&#8221;\/umgebung\/&#8221;,&#8221;link_content&#8221;:[],&#8221;lightbox_size&#8221;:&#8221;&#8221;,&#8221;scrollbox&#8221;:false}]},{&#8220;component&#8221;:&#8221;hc_column&#8221;,&#8221;id&#8221;:&#8221;column_SbfPV&#8221;,&#8221;column_width&#8221;:&#8221;col-md-4&#8243;,&#8221;animation&#8221;:&#8221;&#8221;,&#8221;animation_time&#8221;:&#8221;&#8221;,&#8221;timeline_animation&#8221;:&#8221;&#8221;,&#8221;timeline_delay&#8221;:&#8221;&#8221;,&#8221;timeline_order&#8221;:&#8221;&#8221;,&#8221;css_classes&#8221;:&#8221;&#8221;,&#8221;custom_css_classes&#8221;:&#8221;&#8221;,&#8221;custom_css_styles&#8221;:&#8221;&#8221;,&#8221;main_content&#8221;:[{&#8220;component&#8221;:&#8221;hc_button&#8221;,&#8221;id&#8221;:&#8221;kHqPu&#8221;,&#8221;css_classes&#8221;:&#8221;&#8221;,&#8221;custom_css_classes&#8221;:&#8221;&#8221;,&#8221;custom_css_styles&#8221;:&#8221;&#8221;,&#8221;icon&#8221;:&#8221;im-map2&#8243;,&#8221;style&#8221;:&#8221;square&#8221;,&#8221;size&#8221;:&#8221;btn-xs&#8221;,&#8221;position&#8221;:&#8221;full&#8221;,&#8221;inner_animation&#8221;:false,&#8221;text&#8221;:&#8221;Ausflugsziele&#8221;,&#8221;link_type&#8221;:&#8221;classic&#8221;,&#8221;lightbox_animation&#8221;:&#8221;&#8221;,&#8221;caption&#8221;:&#8221;&#8221;,&#8221;inner_caption&#8221;:false,&#8221;new_window&#8221;:false,&#8221;link&#8221;:&#8221;\/ausflugsziele\/&#8221;,&#8221;link_content&#8221;:[],&#8221;lightbox_size&#8221;:&#8221;&#8221;,&#8221;scrollbox&#8221;:false}]}]}],&#8221;section_settings&#8221;:{&#8220;component&#8221;:&#8221;hc_section_image&#8221;,&#8221;id&#8221;:&#8221;section-image&#8221;,&#8221;image&#8221;:&#8221;https:\/\/www.hotelgabriel.at\/wp-content\/uploads\/2023\/01\/badespass_in_kaernten-web_f_Steinthaler_c_Kaernten-Werbung-1024&#215;683.jpeg|1067|1600|990102065&#8243;,&#8221;full_screen&#8221;:false,&#8221;full_screen_height&#8221;:&#8221;&#8221;,&#8221;parallax&#8221;:true,&#8221;bleed&#8221;:&#8221;&#8221;,&#8221;ken_burn&#8221;:&#8221;&#8221;,&#8221;bg_pos&#8221;:&#8221;&#8221;}},&#8221;section_CP6hb&#8221;:{&#8220;component&#8221;:&#8221;hc_section&#8221;,&#8221;id&#8221;:&#8221;section_CP6hb&#8221;,&#8221;section_width&#8221;:&#8221;&#8221;,&#8221;animation&#8221;:&#8221;&#8221;,&#8221;animation_time&#8221;:&#8221;&#8221;,&#8221;timeline_animation&#8221;:&#8221;&#8221;,&#8221;timeline_delay&#8221;:&#8221;&#8221;,&#8221;timeline_order&#8221;:&#8221;&#8221;,&#8221;vertical_row&#8221;:&#8221;&#8221;,&#8221;css_classes&#8221;:&#8221;&#8221;,&#8221;custom_css_classes&#8221;:&#8221;&#8221;,&#8221;custom_css_styles&#8221;:&#8221;&#8221;,&#8221;section_content&#8221;:[{&#8220;component&#8221;:&#8221;hc_column&#8221;,&#8221;id&#8221;:&#8221;column_72Oci&#8221;,&#8221;column_width&#8221;:&#8221;col-md-12&#8243;,&#8221;animation&#8221;:&#8221;&#8221;,&#8221;animation_time&#8221;:&#8221;&#8221;,&#8221;timeline_animation&#8221;:&#8221;&#8221;,&#8221;timeline_delay&#8221;:&#8221;&#8221;,&#8221;timeline_order&#8221;:&#8221;&#8221;,&#8221;css_classes&#8221;:&#8221;&#8221;,&#8221;custom_css_classes&#8221;:&#8221;&#8221;,&#8221;custom_css_styles&#8221;:&#8221;&#8221;,&#8221;main_content&#8221;:[{&#8220;component&#8221;:&#8221;hc_subtitle&#8221;,&#8221;id&#8221;:&#8221;RtHbH&#8221;,&#8221;css_classes&#8221;:&#8221;&#8221;,&#8221;custom_css_classes&#8221;:&#8221;&#8221;,&#8221;custom_css_styles&#8221;:&#8221;&#8221;,&#8221;title&#8221;:&#8221;Webcam&#8221;,&#8221;subtitle&#8221;:&#8221;Pyramidenkogel&#8221;,&#8221;alignment&#8221;:&#8221;&#8221;},{&#8220;component&#8221;:&#8221;hc_code_block&#8221;,&#8221;id&#8221;:&#8221;5YlXT&#8221;,&#8221;css_classes&#8221;:&#8221;&#8221;,&#8221;custom_css_classes&#8221;:&#8221;&#8221;,&#8221;custom_css_styles&#8221;:&#8221;&#8221;,&#8221;content&#8221;:&#8221;003c006100200068007200650066003d002700680074007400700073003a002f002f0070007900720061006d006900640065006e006b006f00670065006c002e00690074002d0077006d0073002e0063006f006d002f00270020007400610072006700650074003d0022005f0062006c0061006e006b0022003e000a003c0069006d00670020007300720063003d002700680074007400700073003a002f002f0070007900720061006d006900640065006e006b006f00670065006c002e00690074002d0077006d0073002e0063006f006d002f00700061006e006f00720061006d00610031005f007200610077002e006a007000670027003e000a003c002f0061003e&#8221;,&#8221;language&#8221;:&#8221;&#8221;}]}],&#8221;section_settings&#8221;:&#8221;&#8221;},&#8221;6LC5P&#8221;:{&#8220;component&#8221;:&#8221;hc_section&#8221;,&#8221;id&#8221;:&#8221;6LC5P&#8221;,&#8221;section_width&#8221;:&#8221;&#8221;,&#8221;animation&#8221;:&#8221;&#8221;,&#8221;animation_time&#8221;:&#8221;&#8221;,&#8221;timeline_animation&#8221;:&#8221;&#8221;,&#8221;timeline_delay&#8221;:&#8221;&#8221;,&#8221;timeline_order&#8221;:&#8221;&#8221;,&#8221;vertical_row&#8221;:&#8221;&#8221;,&#8221;css_classes&#8221;:&#8221;section-color &#8220;,&#8221;custom_css_classes&#8221;:&#8221;&#8221;,&#8221;custom_css_styles&#8221;:&#8221;&#8221;,&#8221;section_content&#8221;:[{&#8220;component&#8221;:&#8221;hc_column&#8221;,&#8221;id&#8221;:&#8221;bCbNk&#8221;,&#8221;column_width&#8221;:&#8221;col-md-12&#8243;,&#8221;animation&#8221;:&#8221;fade-bottom&#8221;,&#8221;animation_time&#8221;:&#8221;1000&#8243;,&#8221;timeline_animation&#8221;:&#8221;false&#8221;,&#8221;timeline_delay&#8221;:&#8221;&#8221;,&#8221;timeline_order&#8221;:&#8221;&#8221;,&#8221;css_classes&#8221;:&#8221;&#8221;,&#8221;custom_css_classes&#8221;:&#8221;&#8221;,&#8221;custom_css_styles&#8221;:&#8221;&#8221;,&#8221;main_content&#8221;:[{&#8220;component&#8221;:&#8221;hc_slider&#8221;,&#8221;id&#8221;:&#8221;Xoy7o&#8221;,&#8221;css_classes&#8221;:&#8221;&#8221;,&#8221;custom_css_classes&#8221;:&#8221;&#8221;,&#8221;custom_css_styles&#8221;:&#8221;&#8221;,&#8221;content&#8221;:[{&#8220;component&#8221;:&#8221;hc_image_box&#8221;,&#8221;id&#8221;:&#8221;jJvw9&#8243;,&#8221;css_classes&#8221;:&#8221;&#8221;,&#8221;custom_css_classes&#8221;:&#8221;img-png&#8221;,&#8221;custom_css_styles&#8221;:&#8221;&#8221;,&#8221;image&#8221;:&#8221;https:\/\/www.hotelgabriel.at\/wp-content\/uploads\/2023\/01\/woerthersee-logo_web.png|290|400|990101999&#8243;,&#8221;link_type&#8221;:&#8221;classic&#8221;,&#8221;lightbox_animation&#8221;:&#8221;&#8221;,&#8221;caption&#8221;:&#8221;&#8221;,&#8221;inner_caption&#8221;:false,&#8221;new_window&#8221;:true,&#8221;link&#8221;:&#8221;#&#8221;,&#8221;link_content&#8221;:[],&#8221;lightbox_size&#8221;:&#8221;&#8221;,&#8221;scrollbox&#8221;:false,&#8221;icon&#8221;:&#8221;&#8221;,&#8221;image_animation&#8221;:&#8221;&#8221;,&#8221;icon_animation&#8221;:&#8221;&#8221;,&#8221;thumb_size&#8221;:&#8221;medium&#8221;,&#8221;icon_hidden&#8221;:true,&#8221;caption_img_box&#8221;:&#8221;&#8221;,&#8221;alt&#8221;:&#8221;&#8221;},{&#8220;component&#8221;:&#8221;hc_image_box&#8221;,&#8221;id&#8221;:&#8221;JMdtm&#8221;,&#8221;css_classes&#8221;:&#8221;&#8221;,&#8221;custom_css_classes&#8221;:&#8221;img-png&#8221;,&#8221;custom_css_styles&#8221;:&#8221;&#8221;,&#8221;image&#8221;:&#8221;https:\/\/www.hotelgabriel.at\/wp-content\/uploads\/2023\/01\/woerthersee-pluscard_web.png|290|400|990102001&#8243;,&#8221;link_type&#8221;:&#8221;classic&#8221;,&#8221;lightbox_animation&#8221;:&#8221;&#8221;,&#8221;caption&#8221;:&#8221;&#8221;,&#8221;inner_caption&#8221;:false,&#8221;new_window&#8221;:true,&#8221;link&#8221;:&#8221;https:\/\/www.woerthersee.com\/card&#8221;,&#8221;link_content&#8221;:[],&#8221;lightbox_size&#8221;:&#8221;&#8221;,&#8221;scrollbox&#8221;:false,&#8221;icon&#8221;:&#8221;&#8221;,&#8221;image_animation&#8221;:&#8221;&#8221;,&#8221;icon_animation&#8221;:&#8221;&#8221;,&#8221;thumb_size&#8221;:&#8221;medium&#8221;,&#8221;icon_hidden&#8221;:true,&#8221;caption_img_box&#8221;:&#8221;&#8221;,&#8221;alt&#8221;:&#8221;&#8221;},{&#8220;component&#8221;:&#8221;hc_image_box&#8221;,&#8221;id&#8221;:&#8221;k0hAg&#8221;,&#8221;css_classes&#8221;:&#8221;&#8221;,&#8221;custom_css_classes&#8221;:&#8221;img-png&#8221;,&#8221;custom_css_styles&#8221;:&#8221;&#8221;,&#8221;image&#8221;:&#8221;https:\/\/www.hotelgabriel.at\/wp-content\/uploads\/2023\/01\/kaernten-itsmylife_web.png|290|400|990101997&#8243;,&#8221;link_type&#8221;:&#8221;classic&#8221;,&#8221;lightbox_animation&#8221;:&#8221;&#8221;,&#8221;caption&#8221;:&#8221;&#8221;,&#8221;inner_caption&#8221;:false,&#8221;new_window&#8221;:false,&#8221;link&#8221;:&#8221;#&#8221;,&#8221;link_content&#8221;:[],&#8221;lightbox_size&#8221;:&#8221;&#8221;,&#8221;scrollbox&#8221;:false,&#8221;icon&#8221;:&#8221;&#8221;,&#8221;image_animation&#8221;:&#8221;&#8221;,&#8221;icon_animation&#8221;:&#8221;&#8221;,&#8221;thumb_size&#8221;:&#8221;medium&#8221;,&#8221;icon_hidden&#8221;:true,&#8221;caption_img_box&#8221;:&#8221;&#8221;,&#8221;alt&#8221;:&#8221;&#8221;},{&#8220;component&#8221;:&#8221;hc_image_box&#8221;,&#8221;id&#8221;:&#8221;U1QhU&#8221;,&#8221;css_classes&#8221;:&#8221;&#8221;,&#8221;custom_css_classes&#8221;:&#8221;img-png&#8221;,&#8221;custom_css_styles&#8221;:&#8221;&#8221;,&#8221;image&#8221;:&#8221;https:\/\/www.hotelgabriel.at\/wp-content\/uploads\/2023\/01\/Kaernten-Qualitaet_Beherbergung.png|290|400|990102389&#8243;,&#8221;link_type&#8221;:&#8221;classic&#8221;,&#8221;lightbox_animation&#8221;:&#8221;&#8221;,&#8221;caption&#8221;:&#8221;&#8221;,&#8221;inner_caption&#8221;:false,&#8221;new_window&#8221;:false,&#8221;link&#8221;:&#8221;#&#8221;,&#8221;link_content&#8221;:[],&#8221;lightbox_size&#8221;:&#8221;&#8221;,&#8221;scrollbox&#8221;:false,&#8221;icon&#8221;:&#8221;&#8221;,&#8221;image_animation&#8221;:&#8221;&#8221;,&#8221;icon_animation&#8221;:&#8221;&#8221;,&#8221;thumb_size&#8221;:&#8221;medium&#8221;,&#8221;icon_hidden&#8221;:true,&#8221;caption_img_box&#8221;:&#8221;&#8221;,&#8221;alt&#8221;:&#8221;&#8221;},{&#8220;component&#8221;:&#8221;hc_image_box&#8221;,&#8221;id&#8221;:&#8221;b1Yr5&#8243;,&#8221;css_classes&#8221;:&#8221;&#8221;,&#8221;custom_css_classes&#8221;:&#8221;img-png&#8221;,&#8221;custom_css_styles&#8221;:&#8221;&#8221;,&#8221;image&#8221;:&#8221;https:\/\/www.hotelgabriel.at\/wp-content\/uploads\/2024\/01\/Logo_bett-bike_adfc.png|290|400|990103741&#8243;,&#8221;link_type&#8221;:&#8221;classic&#8221;,&#8221;lightbox_animation&#8221;:&#8221;&#8221;,&#8221;caption&#8221;:&#8221;&#8221;,&#8221;inner_caption&#8221;:false,&#8221;new_window&#8221;:false,&#8221;link&#8221;:&#8221;#&#8221;,&#8221;link_content&#8221;:[],&#8221;lightbox_size&#8221;:&#8221;&#8221;,&#8221;scrollbox&#8221;:false,&#8221;icon&#8221;:&#8221;&#8221;,&#8221;image_animation&#8221;:&#8221;&#8221;,&#8221;icon_animation&#8221;:&#8221;&#8221;,&#8221;thumb_size&#8221;:&#8221;medium&#8221;,&#8221;icon_hidden&#8221;:true,&#8221;caption_img_box&#8221;:&#8221;&#8221;,&#8221;alt&#8221;:&#8221;&#8221;},{&#8220;component&#8221;:&#8221;hc_image_box&#8221;,&#8221;id&#8221;:&#8221;L3yOx&#8221;,&#8221;css_classes&#8221;:&#8221;&#8221;,&#8221;custom_css_classes&#8221;:&#8221;img-png&#8221;,&#8221;custom_css_styles&#8221;:&#8221;&#8221;,&#8221;image&#8221;:&#8221;https:\/\/www.hotelgabriel.at\/wp-content\/uploads\/2024\/01\/Logo_Tourenfahrer.png|290|400|990103743&#8243;,&#8221;link_type&#8221;:&#8221;classic&#8221;,&#8221;lightbox_animation&#8221;:&#8221;&#8221;,&#8221;caption&#8221;:&#8221;&#8221;,&#8221;inner_caption&#8221;:false,&#8221;new_window&#8221;:false,&#8221;link&#8221;:&#8221;#&#8221;,&#8221;link_content&#8221;:[],&#8221;lightbox_size&#8221;:&#8221;&#8221;,&#8221;scrollbox&#8221;:false,&#8221;icon&#8221;:&#8221;&#8221;,&#8221;image_animation&#8221;:&#8221;&#8221;,&#8221;icon_animation&#8221;:&#8221;&#8221;,&#8221;thumb_size&#8221;:&#8221;medium&#8221;,&#8221;icon_hidden&#8221;:true,&#8221;caption_img_box&#8221;:&#8221;&#8221;,&#8221;alt&#8221;:&#8221;&#8221;}],&#8221;trigger&#8221;:&#8221;&#8221;,&#8221;data_options&#8221;:&#8221;perView:6,perViewLg:6,perViewMd:6,perViewSm:6,perViewXs:2,gap:70&#8243;}]}],&#8221;section_settings&#8221;:&#8221;&#8221;},&#8221;scripts&#8221;:{&#8220;glide&#8221;:&#8221;glide.min.js&#8221;,&#8221;progress_counter&#8221;:&#8221;progress.js&#8221;,&#8221;lightbox&#8221;:&#8221;magnific-popup.min.js&#8221;,&#8221;parallax&#8221;:&#8221;parallax.min.js&#8221;,&#8221;components&#8221;:&#8221;tab-accordion.js&#8221;},&#8221;css&#8221;:{&#8220;glide&#8221;:&#8221;css\/glide.css&#8221;,&#8221;lightbox&#8221;:&#8221;css\/magnific-popup.css&#8221;,&#8221;media_box&#8221;:&#8221;css\/media-box.css&#8221;},&#8221;css_page&#8221;:&#8221;&#8221;,&#8221;template_setting&#8221;:{},&#8221;template_setting_top&#8221;:{},&#8221;page_setting&#8221;:{&#8220;settings&#8221;:[&#8220;lock-mode-off&#8221;]}}<\/p>\n","protected":false},"excerpt":{"rendered":"<p>{&#8220;main-title&#8221;:{&#8220;component&#8221;:&#8221;hc_title&#8221;,&#8221;id&#8221;:&#8221;main-title&#8221;,&#8221;title&#8221;:&#8221;&#8221;,&#8221;subtitle&#8221;:&#8221;&#8221;,&#8221;title_content&#8221;:{&#8220;component&#8221;:&#8221;hc_title_empty&#8221;,&#8221;id&#8221;:&#8221;title-empty&#8221;}},&#8221;section_5ZtkF&#8221;:{&#8220;component&#8221;:&#8221;hc_section&#8221;,&#8221;id&#8221;:&#8221;section_5ZtkF&#8221;,&#8221;section_width&#8221;:&#8221;&#8221;,&#8221;animation&#8221;:&#8221;&#8221;,&#8221;animation_time&#8221;:&#8221;&#8221;,&#8221;timeline_animation&#8221;:&#8221;&#8221;,&#8221;timeline_delay&#8221;:&#8221;&#8221;,&#8221;timeline_order&#8221;:&#8221;&#8221;,&#8221;vertical_row&#8221;:&#8221;&#8221;,&#8221;css_classes&#8221;:&#8221;light &#8220;,&#8221;custom_css_classes&#8221;:&#8221;section-full-width-right&#8221;,&#8221;custom_css_styles&#8221;:&#8221;&#8221;,&#8221;section_content&#8221;:[{&#8220;component&#8221;:&#8221;hc_column&#8221;,&#8221;id&#8221;:&#8221;column_FxIlP&#8221;,&#8221;column_width&#8221;:&#8221;col-md-6&#8243;,&#8221;animation&#8221;:&#8221;&#8221;,&#8221;animation_time&#8221;:&#8221;2000&#8243;,&#8221;timeline_animation&#8221;:&#8221;false&#8221;,&#8221;timeline_delay&#8221;:&#8221;&#8221;,&#8221;timeline_order&#8221;:&#8221;&#8221;,&#8221;css_classes&#8221;:&#8221;&#8221;,&#8221;custom_css_classes&#8221;:&#8221;&#8221;,&#8221;custom_css_styles&#8221;:&#8221;&#8221;,&#8221;main_content&#8221;:[{&#8220;component&#8221;:&#8221;hc_space&#8221;,&#8221;id&#8221;:&#8221;jMN5N&#8221;,&#8221;css_classes&#8221;:&#8221;&#8221;,&#8221;custom_css_classes&#8221;:&#8221;&#8221;,&#8221;custom_css_styles&#8221;:&#8221;&#8221;,&#8221;size&#8221;:&#8221;space-lg&#8221;,&#8221;height&#8221;:&#8221;100&#8243;},{&#8220;component&#8221;:&#8221;hc_title_tag&#8221;,&#8221;id&#8221;:&#8221;psYEi&#8221;,&#8221;css_classes&#8221;:&#8221;text-black text-lg &#8220;,&#8221;custom_css_classes&#8221;:&#8221;anima-text&#8221;,&#8221;custom_css_styles&#8221;:&#8221;&#8221;,&#8221;text&#8221;:&#8221;URLAUB&#8221;,&#8221;tag&#8221;:&#8221;h1&#8243;},{&#8220;component&#8221;:&#8221;hc_title_tag&#8221;,&#8221;id&#8221;:&#8221;c4D0g&#8221;,&#8221;css_classes&#8221;:&#8221;text-black text-lg &#8220;,&#8221;custom_css_classes&#8221;:&#8221;anima-text&#8221;,&#8221;custom_css_styles&#8221;:&#8221;&#8221;,&#8221;text&#8221;:&#8221;IN&#8221;,&#8221;tag&#8221;:&#8221;h1&#8243;},{&#8220;component&#8221;:&#8221;hc_title_tag&#8221;,&#8221;id&#8221;:&#8221;sZjkq&#8221;,&#8221;css_classes&#8221;:&#8221;text-black text-lg &#8220;,&#8221;custom_css_classes&#8221;:&#8221;anima-text&#8221;,&#8221;custom_css_styles&#8221;:&#8221;&#8221;,&#8221;text&#8221;:&#8221;K\u00c4RNTEN&#8221;,&#8221;tag&#8221;:&#8221;h1&#8243;},{&#8220;component&#8221;:&#8221;hc_space&#8221;,&#8221;id&#8221;:&#8221;TOkPz&#8221;,&#8221;css_classes&#8221;:&#8221;&#8221;,&#8221;custom_css_classes&#8221;:&#8221;&#8221;,&#8221;custom_css_styles&#8221;:&#8221;&#8221;,&#8221;size&#8221;:&#8221;space-sm&#8221;,&#8221;height&#8221;:&#8221;&#8221;},{&#8220;component&#8221;:&#8221;hc_button&#8221;,&#8221;id&#8221;:&#8221;RVbhw&#8221;,&#8221;css_classes&#8221;:&#8221;&#8221;,&#8221;custom_css_classes&#8221;:&#8221;cs4-btn-1&#8243;,&#8221;custom_css_styles&#8221;:&#8221;&#8221;,&#8221;icon&#8221;:&#8221;im-calendar&#8221;,&#8221;style&#8221;:&#8221;square&#8221;,&#8221;size&#8221;:&#8221;btn-xs&#8221;,&#8221;position&#8221;:&#8221;left&#8221;,&#8221;inner_animation&#8221;:false,&#8221;text&#8221;:&#8221;Verf\u00fcgbarkeit pr\u00fcfen &#8220;,&#8221;link_type&#8221;:&#8221;classic&#8221;,&#8221;lightbox_animation&#8221;:&#8221;&#8221;,&#8221;caption&#8221;:&#8221;&#8221;,&#8221;inner_caption&#8221;:false,&#8221;new_window&#8221;:false,&#8221;link&#8221;:&#8221;\/verfuegbarkeit-pruefen\/&#8221;,&#8221;link_content&#8221;:[],&#8221;lightbox_size&#8221;:&#8221;&#8221;,&#8221;scrollbox&#8221;:false},{&#8220;component&#8221;:&#8221;hc_space&#8221;,&#8221;id&#8221;:&#8221;xbE1N&#8221;,&#8221;css_classes&#8221;:&#8221;&#8221;,&#8221;custom_css_classes&#8221;:&#8221;&#8221;,&#8221;custom_css_styles&#8221;:&#8221;&#8221;,&#8221;size&#8221;:&#8221;space-sm&#8221;,&#8221;height&#8221;:&#8221;&#8221;},{&#8220;component&#8221;:&#8221;hc_slider&#8221;,&#8221;id&#8221;:&#8221;wig8i&#8221;,&#8221;css_classes&#8221;:&#8221;&#8221;,&#8221;custom_css_classes&#8221;:&#8221;width-50&#8243;,&#8221;custom_css_styles&#8221;:&#8221;&#8221;,&#8221;content&#8221;:[{&#8220;component&#8221;:&#8221;hc_quote&#8221;,&#8221;id&#8221;:&#8221;syMex&#8221;,&#8221;css_classes&#8221;:&#8221;&#8221;,&#8221;custom_css_classes&#8221;:&#8221;&#8221;,&#8221;custom_css_styles&#8221;:&#8221;&#8221;,&#8221;text&#8221;:&#8221;Direkt am SeeAm Fu\u00dfe des Pyramidenkogels&#8221;,&#8221;style&#8221;:&#8221;&#8221;,&#8221;author&#8221;:&#8221;Keutschacher See&#8221;},{&#8220;component&#8221;:&#8221;hc_quote&#8221;,&#8221;id&#8221;:&#8221;mkPjb&#8221;,&#8221;css_classes&#8221;:&#8221;&#8221;,&#8221;custom_css_classes&#8221;:&#8221;&#8221;,&#8221;custom_css_styles&#8221;:&#8221;&#8221;,&#8221;text&#8221;:&#8221;Direkt am SeeAm Fu\u00dfe des Pyramidenkogels&#8221;,&#8221;style&#8221;:&#8221;&#8221;,&#8221;author&#8221;:&#8221;Keutschacher See&#8221;}],&#8221;trigger&#8221;:&#8221;&#8221;,&#8221;data_options&#8221;:&#8221;&#8221;},{&#8220;component&#8221;:&#8221;hc_space&#8221;,&#8221;id&#8221;:&#8221;dohBn&#8221;,&#8221;css_classes&#8221;:&#8221;hidden-md &#8220;,&#8221;custom_css_classes&#8221;:&#8221;&#8221;,&#8221;custom_css_styles&#8221;:&#8221;&#8221;,&#8221;size&#8221;:&#8221;space-lg&#8221;,&#8221;height&#8221;:&#8221;&#8221;}]},{&#8220;component&#8221;:&#8221;hc_column&#8221;,&#8221;id&#8221;:&#8221;column_Udru8&#8243;,&#8221;column_width&#8221;:&#8221;col-md-6&#8243;,&#8221;animation&#8221;:&#8221;&#8221;,&#8221;animation_time&#8221;:&#8221;2000&#8243;,&#8221;timeline_animation&#8221;:&#8221;false&#8221;,&#8221;timeline_delay&#8221;:&#8221;&#8221;,&#8221;timeline_order&#8221;:&#8221;&#8221;,&#8221;css_classes&#8221;:&#8221;&#8221;,&#8221;custom_css_classes&#8221;:&#8221;&#8221;,&#8221;custom_css_styles&#8221;:&#8221;&#8221;,&#8221;main_content&#8221;:[{&#8220;component&#8221;:&#8221;hc_space&#8221;,&#8221;id&#8221;:&#8221;r27zU&#8221;,&#8221;css_classes&#8221;:&#8221;hidden-md &#8220;,&#8221;custom_css_classes&#8221;:&#8221;&#8221;,&#8221;custom_css_styles&#8221;:&#8221;&#8221;,&#8221;size&#8221;:&#8221;space-lg&#8221;,&#8221;height&#8221;:&#8221;140&#8243;},{&#8220;component&#8221;:&#8221;hc_counter&#8221;,&#8221;id&#8221;:&#8221;f5iHO&#8221;,&#8221;css_classes&#8221;:&#8221;&#8221;,&#8221;custom_css_classes&#8221;:&#8221;&#8221;,&#8221;custom_css_styles&#8221;:&#8221;&#8221;,&#8221;count_to&#8221;:&#8221;506&#8243;,&#8221;icon&#8221;:&#8221;&#8221;,&#8221;icon_style&#8221;:&#8221;&#8221;,&#8221;icon_image&#8221;:&#8221;&#8221;,&#8221;style&#8221;:&#8221;counter-vertical&#8221;,&#8221;from&#8221;:&#8221;&#8221;,&#8221;speed&#8221;:&#8221;5000&#8243;,&#8221;interval&#8221;:&#8221;&#8221;,&#8221;title&#8221;:&#8221;Seeh\u00f6he&#8221;,&#8221;subtitle&#8221;:&#8221;m&#8221;,&#8221;separator&#8221;:&#8221;&#8221;,&#8221;text_size&#8221;:&#8221;&#8221;,&#8221;text_size_2&#8243;:&#8221;text-md&#8221;,&#8221;icon_size&#8221;:&#8221;&#8221;},{&#8220;component&#8221;:&#8221;hc_space&#8221;,&#8221;id&#8221;:&#8221;WIFXm&#8221;,&#8221;css_classes&#8221;:&#8221;&#8221;,&#8221;custom_css_classes&#8221;:&#8221;&#8221;,&#8221;custom_css_styles&#8221;:&#8221;&#8221;,&#8221;size&#8221;:&#8221;space-sm&#8221;,&#8221;height&#8221;:&#8221;&#8221;},{&#8220;component&#8221;:&#8221;hc_counter&#8221;,&#8221;id&#8221;:&#8221;tIDEC&#8221;,&#8221;css_classes&#8221;:&#8221;&#8221;,&#8221;custom_css_classes&#8221;:&#8221;&#8221;,&#8221;custom_css_styles&#8221;:&#8221;&#8221;,&#8221;count_to&#8221;:&#8221;35&#8243;,&#8221;icon&#8221;:&#8221;&#8221;,&#8221;icon_style&#8221;:&#8221;&#8221;,&#8221;icon_image&#8221;:&#8221;&#8221;,&#8221;style&#8221;:&#8221;counter-vertical&#8221;,&#8221;from&#8221;:&#8221;&#8221;,&#8221;speed&#8221;:&#8221;5000&#8243;,&#8221;interval&#8221;:&#8221;&#8221;,&#8221;title&#8221;:&#8221;Zimmer&#8221;,&#8221;subtitle&#8221;:&#8221;&#8221;,&#8221;separator&#8221;:&#8221;&#8221;,&#8221;text_size&#8221;:&#8221;&#8221;,&#8221;text_size_2&#8243;:&#8221;text-md&#8221;,&#8221;icon_size&#8221;:&#8221;&#8221;},{&#8220;component&#8221;:&#8221;hc_space&#8221;,&#8221;id&#8221;:&#8221;Pp8Bi&#8221;,&#8221;css_classes&#8221;:&#8221;&#8221;,&#8221;custom_css_classes&#8221;:&#8221;&#8221;,&#8221;custom_css_styles&#8221;:&#8221;&#8221;,&#8221;size&#8221;:&#8221;space-sm&#8221;,&#8221;height&#8221;:&#8221;&#8221;},{&#8220;component&#8221;:&#8221;hc_counter&#8221;,&#8221;id&#8221;:&#8221;jB6aA&#8221;,&#8221;css_classes&#8221;:&#8221;&#8221;,&#8221;custom_css_classes&#8221;:&#8221;&#8221;,&#8221;custom_css_styles&#8221;:&#8221;&#8221;,&#8221;count_to&#8221;:&#8221;5&#8243;,&#8221;icon&#8221;:&#8221;&#8221;,&#8221;icon_style&#8221;:&#8221;&#8221;,&#8221;icon_image&#8221;:&#8221;&#8221;,&#8221;style&#8221;:&#8221;counter-vertical&#8221;,&#8221;from&#8221;:&#8221;&#8221;,&#8221;speed&#8221;:&#8221;5000&#8243;,&#8221;interval&#8221;:&#8221;&#8221;,&#8221;title&#8221;:&#8221;Ferienwohnungen&#8221;,&#8221;subtitle&#8221;:&#8221;&#8221;,&#8221;separator&#8221;:&#8221;&#8221;,&#8221;text_size&#8221;:&#8221;&#8221;,&#8221;text_size_2&#8243;:&#8221;text-md&#8221;,&#8221;icon_size&#8221;:&#8221;&#8221;},{&#8220;component&#8221;:&#8221;hc_space&#8221;,&#8221;id&#8221;:&#8221;FxpZA&#8221;,&#8221;css_classes&#8221;:&#8221;&#8221;,&#8221;custom_css_classes&#8221;:&#8221;&#8221;,&#8221;custom_css_styles&#8221;:&#8221;&#8221;,&#8221;size&#8221;:&#8221;space-sm&#8221;,&#8221;height&#8221;:&#8221;&#8221;},{&#8220;component&#8221;:&#8221;hc_counter&#8221;,&#8221;id&#8221;:&#8221;J9vRf&#8221;,&#8221;css_classes&#8221;:&#8221;&#8221;,&#8221;custom_css_classes&#8221;:&#8221;&#8221;,&#8221;custom_css_styles&#8221;:&#8221;&#8221;,&#8221;count_to&#8221;:&#8221;70&#8243;,&#8221;icon&#8221;:&#8221;&#8221;,&#8221;icon_style&#8221;:&#8221;&#8221;,&#8221;icon_image&#8221;:&#8221;&#8221;,&#8221;style&#8221;:&#8221;counter-vertical&#8221;,&#8221;from&#8221;:&#8221;&#8221;,&#8221;speed&#8221;:&#8221;5000&#8243;,&#8221;interval&#8221;:&#8221;&#8221;,&#8221;title&#8221;:&#8221;Betten&#8221;,&#8221;subtitle&#8221;:&#8221;&#8221;,&#8221;separator&#8221;:&#8221;&#8221;,&#8221;text_size&#8221;:&#8221;&#8221;,&#8221;text_size_2&#8243;:&#8221;text-md&#8221;,&#8221;icon_size&#8221;:&#8221;&#8221;},{&#8220;component&#8221;:&#8221;hc_space&#8221;,&#8221;id&#8221;:&#8221;rgn0i&#8221;,&#8221;css_classes&#8221;:&#8221;&#8221;,&#8221;custom_css_classes&#8221;:&#8221;&#8221;,&#8221;custom_css_styles&#8221;:&#8221;&#8221;,&#8221;size&#8221;:&#8221;space-lg&#8221;,&#8221;height&#8221;:&#8221;&#8221;},{&#8220;component&#8221;:&#8221;hc_slider&#8221;,&#8221;id&#8221;:&#8221;IBswx&#8221;,&#8221;css_classes&#8221;:&#8221;&#8221;,&#8221;custom_css_classes&#8221;:&#8221;&#8221;,&#8221;custom_css_styles&#8221;:&#8221;&#8221;,&#8221;content&#8221;:[{&#8220;component&#8221;:&#8221;hc_image_box&#8221;,&#8221;id&#8221;:&#8221;daTGP&#8221;,&#8221;css_classes&#8221;:&#8221;&#8221;,&#8221;custom_css_classes&#8221;:&#8221;&#8221;,&#8221;custom_css_styles&#8221;:&#8221;&#8221;,&#8221;image&#8221;:&#8221;https:\/\/www.hotelgabriel.at\/wp-content\/uploads\/2023\/01\/Familie_Gabriel_Startseite_grau.jpg|683|1024|990103182&#8243;,&#8221;link_type&#8221;:&#8221;classic&#8221;,&#8221;lightbox_animation&#8221;:&#8221;fade-top&#8221;,&#8221;caption&#8221;:&#8221;\/camping\/&#8221;,&#8221;inner_caption&#8221;:true,&#8221;new_window&#8221;:false,&#8221;link&#8221;:&#8221;\/gastgeber\/&#8221;,&#8221;link_content&#8221;:[],&#8221;lightbox_size&#8221;:&#8221;&#8221;,&#8221;scrollbox&#8221;:false,&#8221;icon&#8221;:&#8221;&#8221;,&#8221;image_animation&#8221;:&#8221;&#8221;,&#8221;icon_animation&#8221;:&#8221;&#8221;,&#8221;thumb_size&#8221;:&#8221;full&#8221;,&#8221;icon_hidden&#8221;:true,&#8221;caption_img_box&#8221;:&#8221;Gastgeber&#8221;,&#8221;alt&#8221;:&#8221;&#8221;},{&#8220;component&#8221;:&#8221;hc_image_box&#8221;,&#8221;id&#8221;:&#8221;3NFam&#8221;,&#8221;css_classes&#8221;:&#8221;&#8221;,&#8221;custom_css_classes&#8221;:&#8221;&#8221;,&#8221;custom_css_styles&#8221;:&#8221;&#8221;,&#8221;image&#8221;:&#8221;https:\/\/www.hotelgabriel.at\/wp-content\/uploads\/2025\/05\/Freie-Zimmer-1-1024&#215;625.png|677|1110|990104231&#8243;,&#8221;link_type&#8221;:&#8221;classic&#8221;,&#8221;lightbox_animation&#8221;:&#8221;fade-top&#8221;,&#8221;caption&#8221;:&#8221;&#8221;,&#8221;inner_caption&#8221;:false,&#8221;new_window&#8221;:false,&#8221;link&#8221;:&#8221;\/verfuegbarkeit-pruefen\/&#8221;,&#8221;link_content&#8221;:[],&#8221;lightbox_size&#8221;:&#8221;&#8221;,&#8221;scrollbox&#8221;:false,&#8221;icon&#8221;:&#8221;&#8221;,&#8221;image_animation&#8221;:&#8221;&#8221;,&#8221;icon_animation&#8221;:&#8221;&#8221;,&#8221;thumb_size&#8221;:&#8221;full&#8221;,&#8221;icon_hidden&#8221;:true,&#8221;caption_img_box&#8221;:&#8221;&#8221;,&#8221;alt&#8221;:&#8221;&#8221;},{&#8220;component&#8221;:&#8221;hc_image_box&#8221;,&#8221;id&#8221;:&#8221;N88Dv&#8221;,&#8221;css_classes&#8221;:&#8221;&#8221;,&#8221;custom_css_classes&#8221;:&#8221;&#8221;,&#8221;custom_css_styles&#8221;:&#8221;&#8221;,&#8221;image&#8221;:&#8221;https:\/\/www.hotelgabriel.at\/wp-content\/uploads\/2023\/01\/Zimmer_Startseite.jpg|683|1024|990102057&#8243;,&#8221;link_type&#8221;:&#8221;classic&#8221;,&#8221;lightbox_animation&#8221;:&#8221;fade-top&#8221;,&#8221;caption&#8221;:&#8221;&#8221;,&#8221;inner_caption&#8221;:false,&#8221;new_window&#8221;:false,&#8221;link&#8221;:&#8221;\/wohnen\/&#8221;,&#8221;link_content&#8221;:[],&#8221;lightbox_size&#8221;:&#8221;&#8221;,&#8221;scrollbox&#8221;:false,&#8221;icon&#8221;:&#8221;&#8221;,&#8221;image_animation&#8221;:&#8221;&#8221;,&#8221;icon_animation&#8221;:&#8221;&#8221;,&#8221;thumb_size&#8221;:&#8221;full&#8221;,&#8221;icon_hidden&#8221;:true,&#8221;caption_img_box&#8221;:&#8221;Unterkunft&#8221;,&#8221;alt&#8221;:&#8221;&#8221;},{&#8220;component&#8221;:&#8221;hc_image_box&#8221;,&#8221;id&#8221;:&#8221;qKnpP&#8221;,&#8221;css_classes&#8221;:&#8221;&#8221;,&#8221;custom_css_classes&#8221;:&#8221;&#8221;,&#8221;custom_css_styles&#8221;:&#8221;&#8221;,&#8221;image&#8221;:&#8221;https:\/\/www.hotelgabriel.at\/wp-content\/uploads\/2023\/01\/pyramidenkogel-web_f_Tine-Steinthaler_c_Kaernten-Werbung.jpg|683|1024|990102052&#8243;,&#8221;link_type&#8221;:&#8221;classic&#8221;,&#8221;lightbox_animation&#8221;:&#8221;fade-top&#8221;,&#8221;caption&#8221;:&#8221;&#8221;,&#8221;inner_caption&#8221;:false,&#8221;new_window&#8221;:false,&#8221;link&#8221;:&#8221;\/umgebung\/&#8221;,&#8221;link_content&#8221;:[],&#8221;lightbox_size&#8221;:&#8221;&#8221;,&#8221;scrollbox&#8221;:false,&#8221;icon&#8221;:&#8221;&#8221;,&#8221;image_animation&#8221;:&#8221;&#8221;,&#8221;icon_animation&#8221;:&#8221;&#8221;,&#8221;thumb_size&#8221;:&#8221;full&#8221;,&#8221;icon_hidden&#8221;:true,&#8221;caption_img_box&#8221;:&#8221;Umgebung&#8221;,&#8221;alt&#8221;:&#8221;&#8221;},{&#8220;component&#8221;:&#8221;hc_image_box&#8221;,&#8221;id&#8221;:&#8221;pK7JK&#8221;,&#8221;css_classes&#8221;:&#8221;&#8221;,&#8221;custom_css_classes&#8221;:&#8221;&#8221;,&#8221;custom_css_styles&#8221;:&#8221;&#8221;,&#8221;image&#8221;:&#8221;https:\/\/www.hotelgabriel.at\/wp-content\/uploads\/2023\/01\/Fahrrad.jpg|533|800|990102570&#8243;,&#8221;link_type&#8221;:&#8221;classic&#8221;,&#8221;lightbox_animation&#8221;:&#8221;fade-top&#8221;,&#8221;caption&#8221;:&#8221;&#8221;,&#8221;inner_caption&#8221;:false,&#8221;new_window&#8221;:false,&#8221;link&#8221;:&#8221;\/aktivitaeten\/&#8221;,&#8221;link_content&#8221;:[],&#8221;lightbox_size&#8221;:&#8221;&#8221;,&#8221;scrollbox&#8221;:false,&#8221;icon&#8221;:&#8221;&#8221;,&#8221;image_animation&#8221;:&#8221;&#8221;,&#8221;icon_animation&#8221;:&#8221;&#8221;,&#8221;thumb_size&#8221;:&#8221;full&#8221;,&#8221;icon_hidden&#8221;:true,&#8221;caption_img_box&#8221;:&#8221;Aktivit\u00e4ten&#8221;,&#8221;alt&#8221;:&#8221;&#8221;},{&#8220;component&#8221;:&#8221;hc_image_box&#8221;,&#8221;id&#8221;:&#8221;zrsjn&#8221;,&#8221;css_classes&#8221;:&#8221;&#8221;,&#8221;custom_css_classes&#8221;:&#8221;&#8221;,&#8221;custom_css_styles&#8221;:&#8221;&#8221;,&#8221;image&#8221;:&#8221;https:\/\/www.hotelgabriel.at\/wp-content\/uploads\/2023\/01\/Minimundus.jpg|572|858|990102553&#8243;,&#8221;link_type&#8221;:&#8221;classic&#8221;,&#8221;lightbox_animation&#8221;:&#8221;fade-top&#8221;,&#8221;caption&#8221;:&#8221;&#8221;,&#8221;inner_caption&#8221;:false,&#8221;new_window&#8221;:false,&#8221;link&#8221;:&#8221;\/ausflugsziele\/&#8221;,&#8221;link_content&#8221;:[],&#8221;lightbox_size&#8221;:&#8221;&#8221;,&#8221;scrollbox&#8221;:false,&#8221;icon&#8221;:&#8221;&#8221;,&#8221;image_animation&#8221;:&#8221;&#8221;,&#8221;icon_animation&#8221;:&#8221;&#8221;,&#8221;thumb_size&#8221;:&#8221;full&#8221;,&#8221;icon_hidden&#8221;:true,&#8221;caption_img_box&#8221;:&#8221;Ausflugsziele&#8221;,&#8221;alt&#8221;:&#8221;&#8221;},{&#8220;component&#8221;:&#8221;hc_image_box&#8221;,&#8221;id&#8221;:&#8221;n5kQU&#8221;,&#8221;css_classes&#8221;:&#8221;&#8221;,&#8221;custom_css_classes&#8221;:&#8221;&#8221;,&#8221;custom_css_styles&#8221;:&#8221;&#8221;,&#8221;image&#8221;:&#8221;https:\/\/www.hotelgabriel.at\/wp-content\/uploads\/2023\/01\/00000069052_Die-European-Bike-Week-am-Faaker-See_Region-Villach-Tourismus-GmbH_Michele-Blanzan_Startseite.jpg|683|1024|990102384&#8243;,&#8221;link_type&#8221;:&#8221;classic&#8221;,&#8221;lightbox_animation&#8221;:&#8221;fade-top&#8221;,&#8221;caption&#8221;:&#8221;&#8221;,&#8221;inner_caption&#8221;:false,&#8221;new_window&#8221;:false,&#8221;link&#8221;:&#8221;\/bike\/&#8221;,&#8221;link_content&#8221;:[],&#8221;lightbox_size&#8221;:&#8221;&#8221;,&#8221;scrollbox&#8221;:false,&#8221;icon&#8221;:&#8221;&#8221;,&#8221;image_animation&#8221;:&#8221;&#8221;,&#8221;icon_animation&#8221;:&#8221;&#8221;,&#8221;thumb_size&#8221;:&#8221;full&#8221;,&#8221;icon_hidden&#8221;:true,&#8221;caption_img_box&#8221;:&#8221;Bike&#8221;,&#8221;alt&#8221;:&#8221;&#8221;},{&#8220;component&#8221;:&#8221;hc_image_box&#8221;,&#8221;id&#8221;:&#8221;GImFw&#8221;,&#8221;css_classes&#8221;:&#8221;&#8221;,&#8221;custom_css_classes&#8221;:&#8221;&#8221;,&#8221;custom_css_styles&#8221;:&#8221;&#8221;,&#8221;image&#8221;:&#8221;https:\/\/www.hotelgabriel.at\/wp-content\/uploads\/2023\/01\/Gruppenreisen.jpg|683|1024|990102407&#8243;,&#8221;link_type&#8221;:&#8221;classic&#8221;,&#8221;lightbox_animation&#8221;:&#8221;fade-top&#8221;,&#8221;caption&#8221;:&#8221;&#8221;,&#8221;inner_caption&#8221;:false,&#8221;new_window&#8221;:false,&#8221;link&#8221;:&#8221;\/gruppen\/&#8221;,&#8221;link_content&#8221;:[],&#8221;lightbox_size&#8221;:&#8221;&#8221;,&#8221;scrollbox&#8221;:false,&#8221;icon&#8221;:&#8221;&#8221;,&#8221;image_animation&#8221;:&#8221;&#8221;,&#8221;icon_animation&#8221;:&#8221;&#8221;,&#8221;thumb_size&#8221;:&#8221;full&#8221;,&#8221;icon_hidden&#8221;:true,&#8221;caption_img_box&#8221;:&#8221;Gruppen&#8221;,&#8221;alt&#8221;:&#8221;&#8221;}],&#8221;trigger&#8221;:&#8221;&#8221;,&#8221;data_options&#8221;:&#8221;type:carousel,perView:3,perViewMd:2,perViewSm:1,gap:30,nav:true,controls:true&#8221;}]}],&#8221;section_settings&#8221;:{&#8220;component&#8221;:&#8221;hc_section_image&#8221;,&#8221;id&#8221;:&#8221;section-image&#8221;,&#8221;image&#8221;:&#8221;https:\/\/www.hotelgabriel.at\/wp-content\/uploads\/2023\/01\/hotel-gabriel-zimmer-114-nikolausneureiter2021-2048x153603587779E83-9CC4-8D0B-C4E6-52E8C1337C03-1024&#215;683.jpg|1280|1920|990102992&#8243;,&#8221;full_screen&#8221;:false,&#8221;full_screen_height&#8221;:&#8221;&#8221;,&#8221;parallax&#8221;:true,&#8221;bleed&#8221;:&#8221;&#8221;,&#8221;ken_burn&#8221;:&#8221;ken-burn-center&#8221;,&#8221;bg_pos&#8221;:&#8221;bg-bottom&#8221;}},&#8221;section_mGvyO&#8221;:{&#8220;component&#8221;:&#8221;hc_section&#8221;,&#8221;id&#8221;:&#8221;section_mGvyO&#8221;,&#8221;section_width&#8221;:&#8221;&#8221;,&#8221;animation&#8221;:&#8221;&#8221;,&#8221;animation_time&#8221;:&#8221;&#8221;,&#8221;timeline_animation&#8221;:&#8221;&#8221;,&#8221;timeline_delay&#8221;:&#8221;&#8221;,&#8221;timeline_order&#8221;:&#8221;&#8221;,&#8221;vertical_row&#8221;:&#8221;&#8221;,&#8221;css_classes&#8221;:&#8221;section-color &#8220;,&#8221;custom_css_classes&#8221;:&#8221;&#8221;,&#8221;custom_css_styles&#8221;:&#8221;&#8221;,&#8221;section_content&#8221;:[{&#8220;component&#8221;:&#8221;hc_column&#8221;,&#8221;id&#8221;:&#8221;column_IYEW0&#8243;,&#8221;column_width&#8221;:&#8221;col-md-12&#8243;,&#8221;animation&#8221;:&#8221;fade-bottom&#8221;,&#8221;animation_time&#8221;:&#8221;1000&#8243;,&#8221;timeline_animation&#8221;:&#8221;false&#8221;,&#8221;timeline_delay&#8221;:&#8221;&#8221;,&#8221;timeline_order&#8221;:&#8221;&#8221;,&#8221;css_classes&#8221;:&#8221;&#8221;,&#8221;custom_css_classes&#8221;:&#8221;&#8221;,&#8221;custom_css_styles&#8221;:&#8221;&#8221;,&#8221;main_content&#8221;:[{&#8220;component&#8221;:&#8221;hc_subtitle&#8221;,&#8221;id&#8221;:&#8221;v0npR&#8221;,&#8221;css_classes&#8221;:&#8221;align-left-md &#8220;,&#8221;custom_css_classes&#8221;:&#8221;&#8221;,&#8221;custom_css_styles&#8221;:&#8221;&#8221;,&#8221;title&#8221;:&#8221;Hotel Gabriel&#8221;,&#8221;subtitle&#8221;:&#8221;Keutschacher See | in K\u00e4rnten&#8220;,&#8221;alignment&#8221;:&#8221;align-center&#8221;}]},{&#8220;component&#8221;:&#8221;hc_column&#8221;,&#8221;id&#8221;:&#8221;column_CQGXD&#8221;,&#8221;column_width&#8221;:&#8221;col-md-6&#8243;,&#8221;animation&#8221;:&#8221;fade-bottom&#8221;,&#8221;animation_time&#8221;:&#8221;1000&#8243;,&#8221;timeline_animation&#8221;:&#8221;false&#8221;,&#8221;timeline_delay&#8221;:&#8221;&#8221;,&#8221;timeline_order&#8221;:&#8221;&#8221;,&#8221;css_classes&#8221;:&#8221;no-margin-md &#8220;,&#8221;custom_css_classes&#8221;:&#8221;&#8221;,&#8221;custom_css_styles&#8221;:&#8221;&#8221;,&#8221;main_content&#8221;:[{&#8220;component&#8221;:&#8221;hc_grid_table&#8221;,&#8221;id&#8221;:&#8221;Qozem&#8221;,&#8221;css_classes&#8221;:&#8221;&#8221;,&#8221;custom_css_classes&#8221;:&#8221;table-text&#8221;,&#8221;custom_css_styles&#8221;:&#8221;&#8221;,&#8221;content&#8221;:[{&#8220;component&#8221;:&#8221;hc_text_block&#8221;,&#8221;id&#8221;:&#8221;7GnTg&#8221;,&#8221;css_classes&#8221;:&#8221;&#8221;,&#8221;custom_css_classes&#8221;:&#8221;&#8221;,&#8221;custom_css_styles&#8221;:&#8221;&#8221;,&#8221;content&#8221;:&#8221;Ein herzliches \u201cGr\u00fcss Gott\u201d zum Familienurlaub im Hotel Gabriel am Keutschacher See\\n\\nSo stellen Sie sich Familienurlaub vor. Ein gem\u00fctliches kleines Hotel an einem der [&hellip;]<\/p>\n","protected":false},"author":1,"featured_media":990102408,"parent":0,"menu_order":0,"comment_status":"closed","ping_status":"closed","template":"","meta":{"footnotes":""},"class_list":["post-990103299","page","type-page","status-publish","has-post-thumbnail","hentry"],"_links":{"self":[{"href":"https:\/\/www.hotelgabriel.at\/en\/wp-json\/wp\/v2\/pages\/990103299","targetHints":{"allow":["GET"]}}],"collection":[{"href":"https:\/\/www.hotelgabriel.at\/en\/wp-json\/wp\/v2\/pages"}],"about":[{"href":"https:\/\/www.hotelgabriel.at\/en\/wp-json\/wp\/v2\/types\/page"}],"author":[{"embeddable":true,"href":"https:\/\/www.hotelgabriel.at\/en\/wp-json\/wp\/v2\/users\/1"}],"replies":[{"embeddable":true,"href":"https:\/\/www.hotelgabriel.at\/en\/wp-json\/wp\/v2\/comments?post=990103299"}],"version-history":[{"count":13,"href":"https:\/\/www.hotelgabriel.at\/en\/wp-json\/wp\/v2\/pages\/990103299\/revisions"}],"predecessor-version":[{"id":990104621,"href":"https:\/\/www.hotelgabriel.at\/en\/wp-json\/wp\/v2\/pages\/990103299\/revisions\/990104621"}],"wp:featuredmedia":[{"embeddable":true,"href":"https:\/\/www.hotelgabriel.at\/en\/wp-json\/wp\/v2\/media\/990102408"}],"wp:attachment":[{"href":"https:\/\/www.hotelgabriel.at\/en\/wp-json\/wp\/v2\/media?parent=990103299"}],"curies":[{"name":"wp","href":"https:\/\/api.w.org\/{rel}","templated":true}]}}